{"id":14529,"date":"2019-03-02T23:13:42","date_gmt":"2019-03-02T23:13:42","guid":{"rendered":"https:\/\/portugal-fiberglass.com\/product\/tagus-1147-outdoor-liegestuhl\/"},"modified":"2025-05-12T11:19:29","modified_gmt":"2025-05-12T11:19:29","slug":"tagus-1147-outdoor-liegestuhl","status":"publish","type":"product","link":"https:\/\/portugal-fiberglass.com\/de\/produkt\/tagus-1147-outdoor-liegestuhl\/","title":{"rendered":"Tagus 1147 Outdoor-Liegestuhl"},"content":{"rendered":"<div class=\"wpb-content-wrapper\"><p>[vc_row woodmart_css_id=&#8220;66aec853cb7ee&#8220; responsive_spacing=&#8220;eyJwYXJhbV90eXBlIjoid29vZG1hcnRfcmVzcG9uc2l2ZV9zcGFjaW5nIiwic2VsZWN0b3JfaWQiOiI2NmFlYzg1M2NiN2VlIiwic2hvcnRjb2RlIjoidmNfcm93IiwiZGF0YSI6eyJ0YWJsZXQiOnt9LCJtb2JpbGUiOnt9fX0=&#8220; mobile_bg_img_hidden=&#8220;no&#8220; tablet_bg_img_hidden=&#8220;no&#8220; woodmart_parallax=&#8220;0&#8243; woodmart_gradient_switch=&#8220;no&#8220; woodmart_box_shadow=&#8220;no&#8220; wd_z_index=&#8220;no&#8220; woodmart_disable_overflow=&#8220;0&#8243; row_reverse_mobile=&#8220;0&#8243; row_reverse_tablet=&#8220;0&#8243;][vc_column css=&#8220;.vc_custom_1722729601006{padding-top: 40px !important;padding-bottom: 0px !important;}&#8220; woodmart_css_id=&#8220;66aec47300280&#8243; parallax_scroll=&#8220;no&#8220; woodmart_sticky_column=&#8220;false&#8220; wd_collapsible_content_switcher=&#8220;no&#8220; wd_column_role_offcanvas_desktop=&#8220;no&#8220; wd_column_role_offcanvas_tablet=&#8220;no&#8220; wd_column_role_offcanvas_mobile=&#8220;no&#8220; wd_column_role_content_desktop=&#8220;no&#8220; wd_column_role_content_tablet=&#8220;no&#8220; wd_column_role_content_mobile=&#8220;no&#8220; mobile_bg_img_hidden=&#8220;no&#8220; tablet_bg_img_hidden=&#8220;no&#8220; woodmart_parallax=&#8220;0&#8243; woodmart_box_shadow=&#8220;no&#8220; responsive_spacing=&#8220;eyJwYXJhbV90eXBlIjoid29vZG1hcnRfcmVzcG9uc2l2ZV9zcGFjaW5nIiwic2VsZWN0b3JfaWQiOiI2NmFlYzQ3MzAwMjgwIiwic2hvcnRjb2RlIjoidmNfY29sdW1uIiwiZGF0YSI6eyJ0YWJsZXQiOnt9LCJtb2JpbGUiOnsicGFkZGluZy1ib3R0b20iOiIwIn19fQ==&#8220; mobile_reset_margin=&#8220;no&#8220; tablet_reset_margin=&#8220;no&#8220; wd_z_index=&#8220;no&#8220;]\n\t\t<div id=\"wd-66b6365cb6717\" class=\"title-wrapper wd-wpb wd-set-mb reset-last-child  wd-rs-66b6365cb6717 wd-title-color-default wd-title-style-default text-center  wd-underline-colored\">\n\t\t\t\n\t\t\t<div class=\"liner-continer\">\n\t\t\t\t<h3 class=\"woodmart-title-container title  wd-font-weight-700 wd-fontsize-xxl\" >Hauptmerkmale<\/h3>\n\t\t\t\t\t\t\t<\/div>\n\t\t\t\n\t\t\t\t\t\t\t<div class=\"title-after_title reset-last-child  wd-fontsize-s\">Der perfekte Sonnenliege zur Aufwertung Ihres Au\u00dfenbereichs<\/div>\n\t\t\t\n\t\t\t\n\t\t<\/div>\n\t\t\n\t\t[\/vc_column][\/vc_row][vc_row full_width=&#8220;stretch_row&#8220; content_placement=&#8220;middle&#8220; css=&#8220;.vc_custom_1723219201285{padding-top: 30px !important;padding-bottom: 40px !important;background-color: #fafafa !important;}&#8220; woodmart_css_id=&#8220;66b63cfd27f31&#8243; responsive_spacing=&#8220;eyJwYXJhbV90eXBlIjoid29vZG1hcnRfcmVzcG9uc2l2ZV9zcGFjaW5nIiwic2VsZWN0b3JfaWQiOiI2NmI2M2NmZDI3ZjMxIiwic2hvcnRjb2RlIjoidmNfcm93IiwiZGF0YSI6eyJ0YWJsZXQiOnt9LCJtb2JpbGUiOnsicGFkZGluZy10b3AiOiI2MHB4IiwicGFkZGluZy1ib3R0b20iOiIzMHB4In19fQ==&#8220; mobile_bg_img_hidden=&#8220;no&#8220; tablet_bg_img_hidden=&#8220;no&#8220; woodmart_parallax=&#8220;0&#8243; woodmart_gradient_switch=&#8220;no&#8220; row_reverse_mobile=&#8220;1&#8243; row_reverse_tablet=&#8220;0&#8243; woodmart_disable_overflow=&#8220;0&#8243; woodmart_box_shadow=&#8220;no&#8220; wd_z_index=&#8220;no&#8220;][vc_column css=&#8220;.vc_custom_1747048485570{margin-bottom: 40px !important;padding-top: 0px !important;}&#8220; offset=&#8220;vc_col-md-4&#8243; woodmart_css_id=&#8220;6821d81f2d674&#8243; responsive_spacing=&#8220;eyJwYXJhbV90eXBlIjoid29vZG1hcnRfcmVzcG9uc2l2ZV9zcGFjaW5nIiwic2VsZWN0b3JfaWQiOiI2ODIxZDgxZjJkNjc0Iiwic2hvcnRjb2RlIjoidmNfY29sdW1uIiwiZGF0YSI6eyJ0YWJsZXQiOnt9LCJtb2JpbGUiOnt9fX0=&#8220; parallax_scroll=&#8220;no&#8220; mobile_bg_img_hidden=&#8220;no&#8220; tablet_bg_img_hidden=&#8220;no&#8220; woodmart_parallax=&#8220;0&#8243; woodmart_sticky_column=&#8220;false&#8220; mobile_reset_margin=&#8220;no&#8220; tablet_reset_margin=&#8220;no&#8220; wd_collapsible_content_switcher=&#8220;no&#8220; wd_column_role_offcanvas_desktop=&#8220;no&#8220; wd_column_role_offcanvas_tablet=&#8220;no&#8220; wd_column_role_offcanvas_mobile=&#8220;no&#8220; wd_column_role_content_desktop=&#8220;no&#8220; wd_column_role_content_tablet=&#8220;no&#8220; wd_column_role_content_mobile=&#8220;no&#8220; woodmart_box_shadow=&#8220;no&#8220; wd_z_index=&#8220;no&#8220;]\t\t\t<div class=\"info-box-wrapper\">\n\t\t\t\t<div id=\"wd-66a8ab220448f\" class=\" wd-rs-66a8ab220448f wd-info-box wd-wpb text-center box-icon-align-top box-style- color-scheme- wd-bg-none vc_custom_1722329997545\">\n\t\t\t\t\t\t\t\t\t\t\t<div class=\"box-icon-wrapper  box-with-icon box-icon-simple\">\n\t\t\t\t\t\t\t<div class=\"info-box-icon\">\n\t\t\t\t\t\t\t\t<img loading=\"lazy\" decoding=\"async\" width=\"48\" height=\"48\" src=\"https:\/\/portugal-fiberglass.com\/wp-content\/uploads\/2020\/05\/72x72-fibra-vidro-complexo-48x48.webp\" class=\"attachment-48x48 size-48x48\" alt=\"\" srcset=\"https:\/\/portugal-fiberglass.com\/wp-content\/uploads\/2020\/05\/72x72-fibra-vidro-complexo-48x48.webp 48w, https:\/\/portugal-fiberglass.com\/wp-content\/uploads\/2020\/05\/72x72-fibra-vidro-complexo.webp 72w, https:\/\/portugal-fiberglass.com\/wp-content\/uploads\/2020\/05\/72x72-fibra-vidro-complexo-64x64.webp 64w\" sizes=\"auto, (max-width: 48px) 100vw, 48px\" \/>\t\t\t\t\t\t\t<\/div>\n\t\t\t\t\t\t<\/div>\n\t\t\t\t\t\t\t\t\t\t<div class=\"info-box-content\">\n\t\t\t\t\t\t<h4 class=\"info-box-title title box-title-style-default wd-fontsize-m\">Fiberglas<\/h4>\t\t\t\t\t\t<div class=\"info-box-inner reset-last-child\"><p>Vollst\u00e4ndig aus Glasfaser gefertigt<\/p>\n<\/div>\n\n\t\t\t\t\t\t\t\t\t\t\t<\/div>\n\n\t\t\t\t\t\n\t\t\t\t\t\t\t\t\t<\/div>\n\t\t\t<\/div>\n\t\t\t\t\t<div class=\"info-box-wrapper\">\n\t\t\t\t<div id=\"wd-66a8ab8f96ec9\" class=\" wd-rs-66a8ab8f96ec9 wd-info-box wd-wpb text-center box-icon-align-top box-style- color-scheme- wd-bg-none vc_custom_1722330009036\">\n\t\t\t\t\t\t\t\t\t\t\t<div class=\"box-icon-wrapper  box-with-icon box-icon-simple\">\n\t\t\t\t\t\t\t<div class=\"info-box-icon\">\n\t\t\t\t\t\t\t\t<div class=\"info-svg-wrapper\" style=\"width: 48px;height: 48px;\"><img decoding=\"async\"  src=\"https:\/\/portugal-fiberglass.com\/wp-content\/uploads\/2020\/05\/72x72-resistente-sol.svg\"  loading=\"lazy\" width=\"48\" height=\"48\"><\/div>\t\t\t\t\t\t\t<\/div>\n\t\t\t\t\t\t<\/div>\n\t\t\t\t\t\t\t\t\t\t<div class=\"info-box-content\">\n\t\t\t\t\t\t<h4 class=\"info-box-title title box-title-style-default wd-fontsize-m\">Wetterfest<\/h4>\t\t\t\t\t\t<div class=\"info-box-inner reset-last-child\"><p>F\u00fcr den Au\u00dfenbereich konstruiert<\/p>\n<\/div>\n\n\t\t\t\t\t\t\t\t\t\t\t<\/div>\n\n\t\t\t\t\t\n\t\t\t\t\t\t\t\t\t<\/div>\n\t\t\t<\/div>\n\t\t\t\t\t<div class=\"info-box-wrapper\">\n\t\t\t\t<div id=\"wd-66a8abff27783\" class=\" wd-rs-66a8abff27783 wd-info-box wd-wpb text-center box-icon-align-top box-style- color-scheme- wd-bg-none vc_custom_1722330120359\">\n\t\t\t\t\t\t\t\t\t\t\t<div class=\"box-icon-wrapper  box-with-icon box-icon-simple\">\n\t\t\t\t\t\t\t<div class=\"info-box-icon\">\n\t\t\t\t\t\t\t\t<img loading=\"lazy\" decoding=\"async\" width=\"48\" height=\"48\" src=\"https:\/\/portugal-fiberglass.com\/wp-content\/uploads\/2020\/05\/72x72paletecores-48x48.webp\" class=\"attachment-48x48 size-48x48\" alt=\"\" srcset=\"https:\/\/portugal-fiberglass.com\/wp-content\/uploads\/2020\/05\/72x72paletecores-48x48.webp 48w, https:\/\/portugal-fiberglass.com\/wp-content\/uploads\/2020\/05\/72x72paletecores.webp 72w, https:\/\/portugal-fiberglass.com\/wp-content\/uploads\/2020\/05\/72x72paletecores-64x64.webp 64w\" sizes=\"auto, (max-width: 48px) 100vw, 48px\" \/>\t\t\t\t\t\t\t<\/div>\n\t\t\t\t\t\t<\/div>\n\t\t\t\t\t\t\t\t\t\t<div class=\"info-box-content\">\n\t\t\t\t\t\t<h4 class=\"info-box-title title box-title-style-default wd-fontsize-m\">Farbe<\/h4>\t\t\t\t\t\t<div class=\"info-box-inner reset-last-child\"><p>Sonderfarben sind auf Anfrage erh\u00e4ltlich. Standardfarbe ist <strong>Wei\u00df<\/strong><\/p>\n<\/div>\n\n\t\t\t\t\t\t\t\t\t\t\t<\/div>\n\n\t\t\t\t\t\n\t\t\t\t\t\t\t\t\t<\/div>\n\t\t\t<\/div>\n\t\t[\/vc_column][vc_column css=&#8220;.vc_custom_1747048443213{margin-bottom: 40px !important;padding-top: 0px !important;}&#8220; offset=&#8220;vc_col-md-4&#8243; woodmart_css_id=&#8220;6821d7f58da6b&#8220; responsive_spacing=&#8220;eyJwYXJhbV90eXBlIjoid29vZG1hcnRfcmVzcG9uc2l2ZV9zcGFjaW5nIiwic2VsZWN0b3JfaWQiOiI2ODIxZDdmNThkYTZiIiwic2hvcnRjb2RlIjoidmNfY29sdW1uIiwiZGF0YSI6eyJ0YWJsZXQiOnt9LCJtb2JpbGUiOnt9fX0=&#8220; parallax_scroll=&#8220;no&#8220; mobile_bg_img_hidden=&#8220;no&#8220; tablet_bg_img_hidden=&#8220;no&#8220; woodmart_parallax=&#8220;0&#8243; woodmart_sticky_column=&#8220;false&#8220; mobile_reset_margin=&#8220;no&#8220; tablet_reset_margin=&#8220;no&#8220; wd_collapsible_content_switcher=&#8220;no&#8220; wd_column_role_offcanvas_desktop=&#8220;no&#8220; wd_column_role_offcanvas_tablet=&#8220;no&#8220; wd_column_role_offcanvas_mobile=&#8220;no&#8220; wd_column_role_content_desktop=&#8220;no&#8220; wd_column_role_content_tablet=&#8220;no&#8220; wd_column_role_content_mobile=&#8220;no&#8220; woodmart_box_shadow=&#8220;no&#8220; wd_z_index=&#8220;no&#8220;]\t\t<div id=\"wd-6821d7df205c5\" class=\"wd-image wd-wpb wd-rs-6821d7df205c5 text-center vc_custom_1747048434918\">\n\t\t\t\n\t\t\t<img loading=\"lazy\" decoding=\"async\" width=\"782\" height=\"1042\" src=\"https:\/\/portugal-fiberglass.com\/wp-content\/uploads\/2019\/03\/espreguicadeira-tagus-1147-jardim-34-391-521-cl.webp\" class=\"attachment-full size-full\" alt=\"\" srcset=\"https:\/\/portugal-fiberglass.com\/wp-content\/uploads\/2019\/03\/espreguicadeira-tagus-1147-jardim-34-391-521-cl.webp 782w, https:\/\/portugal-fiberglass.com\/wp-content\/uploads\/2019\/03\/espreguicadeira-tagus-1147-jardim-34-391-521-cl-150x200.webp 150w\" sizes=\"auto, (max-width: 782px) 100vw, 782px\" \/>\n\t\t\t\t\t<\/div>\n\t\t[\/vc_column][vc_column css=&#8220;.vc_custom_1747048476217{margin-top: -50px !important;margin-bottom: 40px !important;padding-top: 0px !important;}&#8220; offset=&#8220;vc_col-md-4&#8243; woodmart_css_id=&#8220;6821d7fd88e40&#8243; responsive_spacing=&#8220;eyJwYXJhbV90eXBlIjoid29vZG1hcnRfcmVzcG9uc2l2ZV9zcGFjaW5nIiwic2VsZWN0b3JfaWQiOiI2ODIxZDdmZDg4ZTQwIiwic2hvcnRjb2RlIjoidmNfY29sdW1uIiwiZGF0YSI6eyJ0YWJsZXQiOnsibWFyZ2luLXRvcCI6IjEwIn0sIm1vYmlsZSI6eyJtYXJnaW4tdG9wIjoiMTAifX19&#8243; parallax_scroll=&#8220;no&#8220; mobile_bg_img_hidden=&#8220;no&#8220; tablet_bg_img_hidden=&#8220;no&#8220; woodmart_parallax=&#8220;0&#8243; woodmart_sticky_column=&#8220;false&#8220; mobile_reset_margin=&#8220;no&#8220; tablet_reset_margin=&#8220;no&#8220; wd_collapsible_content_switcher=&#8220;no&#8220; wd_column_role_offcanvas_desktop=&#8220;no&#8220; wd_column_role_offcanvas_tablet=&#8220;no&#8220; wd_column_role_offcanvas_mobile=&#8220;no&#8220; wd_column_role_content_desktop=&#8220;no&#8220; wd_column_role_content_tablet=&#8220;no&#8220; wd_column_role_content_mobile=&#8220;no&#8220; woodmart_box_shadow=&#8220;no&#8220; wd_z_index=&#8220;no&#8220;]\t\t\t<div class=\"info-box-wrapper\">\n\t\t\t\t<div id=\"wd-66a8abe44c3f0\" class=\" wd-rs-66a8abe44c3f0 wd-info-box wd-wpb text-center box-icon-align-top box-style- color-scheme- wd-bg-none vc_custom_1722330096477\">\n\t\t\t\t\t\t\t\t\t\t\t<div class=\"box-icon-wrapper  box-with-icon box-icon-simple\">\n\t\t\t\t\t\t\t<div class=\"info-box-icon\">\n\t\t\t\t\t\t\t\t<img loading=\"lazy\" decoding=\"async\" width=\"48\" height=\"48\" src=\"https:\/\/portugal-fiberglass.com\/wp-content\/uploads\/2020\/05\/72x72empilharportugalfiberglass-48x48.webp\" class=\"attachment-48x48 size-48x48\" alt=\"\" srcset=\"https:\/\/portugal-fiberglass.com\/wp-content\/uploads\/2020\/05\/72x72empilharportugalfiberglass-48x48.webp 48w, https:\/\/portugal-fiberglass.com\/wp-content\/uploads\/2020\/05\/72x72empilharportugalfiberglass.webp 72w, https:\/\/portugal-fiberglass.com\/wp-content\/uploads\/2020\/05\/72x72empilharportugalfiberglass-42x42.webp 42w, https:\/\/portugal-fiberglass.com\/wp-content\/uploads\/2020\/05\/72x72empilharportugalfiberglass-64x64.webp 64w\" sizes=\"auto, (max-width: 48px) 100vw, 48px\" \/>\t\t\t\t\t\t\t<\/div>\n\t\t\t\t\t\t<\/div>\n\t\t\t\t\t\t\t\t\t\t<div class=\"info-box-content\">\n\t\t\t\t\t\t<h4 class=\"info-box-title title box-title-style-default wd-fontsize-m\">Leicht stapelbar<\/h4>\t\t\t\t\t\t<div class=\"info-box-inner reset-last-child\"><p>Leicht stapelbar f\u00fcr kompakte Lagerung<\/p>\n<\/div>\n\n\t\t\t\t\t\t\t\t\t\t\t<\/div>\n\n\t\t\t\t\t\n\t\t\t\t\t\t\t\t\t<\/div>\n\t\t\t<\/div>\n\t\t\t\t\t<div class=\"info-box-wrapper\">\n\t\t\t\t<div id=\"wd-66a8abf264297\" class=\" wd-rs-66a8abf264297 wd-info-box wd-wpb text-center box-icon-align-top box-style- color-scheme- wd-bg-none vc_custom_1722330109362\">\n\t\t\t\t\t\t\t\t\t\t\t<div class=\"box-icon-wrapper  box-with-icon box-icon-simple\">\n\t\t\t\t\t\t\t<div class=\"info-box-icon\">\n\t\t\t\t\t\t\t\t<img loading=\"lazy\" decoding=\"async\" width=\"48\" height=\"48\" src=\"https:\/\/portugal-fiberglass.com\/wp-content\/uploads\/2020\/05\/72x72-manutencao-simples-maior-48x48.webp\" class=\"attachment-48x48 size-48x48\" alt=\"\" srcset=\"https:\/\/portugal-fiberglass.com\/wp-content\/uploads\/2020\/05\/72x72-manutencao-simples-maior-48x48.webp 48w, https:\/\/portugal-fiberglass.com\/wp-content\/uploads\/2020\/05\/72x72-manutencao-simples-maior.webp 72w, https:\/\/portugal-fiberglass.com\/wp-content\/uploads\/2020\/05\/72x72-manutencao-simples-maior-42x42.webp 42w, https:\/\/portugal-fiberglass.com\/wp-content\/uploads\/2020\/05\/72x72-manutencao-simples-maior-64x64.webp 64w\" sizes=\"auto, (max-width: 48px) 100vw, 48px\" \/>\t\t\t\t\t\t\t<\/div>\n\t\t\t\t\t\t<\/div>\n\t\t\t\t\t\t\t\t\t\t<div class=\"info-box-content\">\n\t\t\t\t\t\t<h4 class=\"info-box-title title box-title-style-default wd-fontsize-m\">Wartung<\/h4>\t\t\t\t\t\t<div class=\"info-box-inner reset-last-child\"><p>Pflegeleichte Reinigung<\/p>\n<\/div>\n\n\t\t\t\t\t\t\t\t\t\t\t<\/div>\n\n\t\t\t\t\t\n\t\t\t\t\t\t\t\t\t<\/div>\n\t\t\t<\/div>\n\t\t\t\t\t<div class=\"info-box-wrapper\">\n\t\t\t\t<div id=\"wd-66a8abd7017b1\" class=\" wd-rs-66a8abd7017b1 wd-info-box wd-wpb text-center box-icon-align-top box-style- color-scheme- wd-bg-none vc_custom_1722330080054\">\n\t\t\t\t\t\t\t\t\t\t\t<div class=\"box-icon-wrapper  box-with-icon box-icon-simple\">\n\t\t\t\t\t\t\t<div class=\"info-box-icon\">\n\t\t\t\t\t\t\t\t<img loading=\"lazy\" decoding=\"async\" width=\"48\" height=\"48\" src=\"https:\/\/portugal-fiberglass.com\/wp-content\/uploads\/2020\/05\/72x72levepena-48x48.webp\" class=\"attachment-48x48 size-48x48\" alt=\"\" srcset=\"https:\/\/portugal-fiberglass.com\/wp-content\/uploads\/2020\/05\/72x72levepena-48x48.webp 48w, https:\/\/portugal-fiberglass.com\/wp-content\/uploads\/2020\/05\/72x72levepena.webp 72w, https:\/\/portugal-fiberglass.com\/wp-content\/uploads\/2020\/05\/72x72levepena-64x64.webp 64w\" sizes=\"auto, (max-width: 48px) 100vw, 48px\" \/>\t\t\t\t\t\t\t<\/div>\n\t\t\t\t\t\t<\/div>\n\t\t\t\t\t\t\t\t\t\t<div class=\"info-box-content\">\n\t\t\t\t\t\t<h4 class=\"info-box-title title box-title-style-default wd-fontsize-m\">Leichtgewicht<\/h4>\t\t\t\t\t\t<div class=\"info-box-inner reset-last-child\"><p>Nur<strong> 9 kg <\/strong>&#8211; \u00e4u\u00dferst mobil<\/p>\n<\/div>\n\n\t\t\t\t\t\t\t\t\t\t\t<\/div>\n\n\t\t\t\t\t\n\t\t\t\t\t\t\t\t\t<\/div>\n\t\t\t<\/div>\n\t\t[\/vc_column][\/vc_row][vc_row full_width=&#8220;stretch_row&#8220; woodmart_css_id=&#8220;66aec6cfceb0e&#8220; responsive_spacing=&#8220;eyJwYXJhbV90eXBlIjoid29vZG1hcnRfcmVzcG9uc2l2ZV9zcGFjaW5nIiwic2VsZWN0b3JfaWQiOiI2NmFlYzZjZmNlYjBlIiwic2hvcnRjb2RlIjoidmNfcm93IiwiZGF0YSI6eyJ0YWJsZXQiOnt9LCJtb2JpbGUiOnt9fX0=&#8220; mobile_bg_img_hidden=&#8220;no&#8220; tablet_bg_img_hidden=&#8220;no&#8220; woodmart_parallax=&#8220;0&#8243; woodmart_gradient_switch=&#8220;no&#8220; woodmart_box_shadow=&#8220;no&#8220; wd_z_index=&#8220;no&#8220; woodmart_disable_overflow=&#8220;0&#8243; row_reverse_mobile=&#8220;0&#8243; row_reverse_tablet=&#8220;1&#8243;][vc_column width=&#8220;2\/3&#8243; woodmart_css_id=&#8220;66bf78dd0a504&#8243; parallax_scroll=&#8220;no&#8220; woodmart_sticky_column=&#8220;false&#8220; wd_collapsible_content_switcher=&#8220;no&#8220; wd_column_role_offcanvas_desktop=&#8220;no&#8220; wd_column_role_offcanvas_tablet=&#8220;no&#8220; wd_column_role_offcanvas_mobile=&#8220;no&#8220; wd_column_role_content_desktop=&#8220;no&#8220; wd_column_role_content_tablet=&#8220;no&#8220; wd_column_role_content_mobile=&#8220;no&#8220; mobile_bg_img_hidden=&#8220;no&#8220; tablet_bg_img_hidden=&#8220;no&#8220; woodmart_parallax=&#8220;0&#8243; woodmart_box_shadow=&#8220;no&#8220; responsive_spacing=&#8220;eyJwYXJhbV90eXBlIjoid29vZG1hcnRfcmVzcG9uc2l2ZV9zcGFjaW5nIiwic2VsZWN0b3JfaWQiOiI2NmJmNzhkZDBhNTA0Iiwic2hvcnRjb2RlIjoidmNfY29sdW1uIiwiZGF0YSI6eyJ0YWJsZXQiOnt9LCJtb2JpbGUiOnt9fX0=&#8220; mobile_reset_margin=&#8220;no&#8220; tablet_reset_margin=&#8220;no&#8220; wd_z_index=&#8220;no&#8220;]\t\t<div id=\"gallery_810\" class=\"wd-images-gallery wd-wpb wd-rs-681ca3dd6d9af wd-carousel-container wd-wpb\" style=\"--wd-justify-content:center;--wd-align-items:center;\">\n\t\t\t\t\t\t\t<div class=\"wd-carousel-inner\">\n\t\t\t\n\t\t\t<div class=\" wd-carousel wd-grid\"data-scroll_per_page=\"yes\" style=\"--wd-col-lg:1;--wd-col-md:1;--wd-col-sm:1;--wd-gap-lg:0px;\">\n\t\t\t\t\t\t\t\t\t<div class=\"wd-carousel-wrap\">\n\t\t\t\t\n\t\t\t\t\t\t\t\t\t\t\t\t\t\t\t<div class=\"wd-gallery-item wd-carousel-item\">\n\t\t\t\t\t\t\t\n\t\t\t\t\t\t\t\t<img loading=\"lazy\" decoding=\"async\" width=\"1200\" height=\"675\" src=\"https:\/\/portugal-fiberglass.com\/wp-content\/uploads\/2019\/03\/16_9-1200x675-espreguicadeira-tagus-1147-jardim-.webp\" class=\"wd-gallery-image image-1\" alt=\"\" srcset=\"https:\/\/portugal-fiberglass.com\/wp-content\/uploads\/2019\/03\/16_9-1200x675-espreguicadeira-tagus-1147-jardim-.webp 1200w, https:\/\/portugal-fiberglass.com\/wp-content\/uploads\/2019\/03\/16_9-1200x675-espreguicadeira-tagus-1147-jardim--150x84.webp 150w\" sizes=\"auto, (max-width: 1200px) 100vw, 1200px\" \/>\n\t\t\t\t\t\t\t\t\t\t\t\t\t\t<\/div>\n\t\t\t\t\t\t\t\t\t\t\t<div class=\"wd-gallery-item wd-carousel-item\">\n\t\t\t\t\t\t\t\n\t\t\t\t\t\t\t\t<img loading=\"lazy\" decoding=\"async\" width=\"1200\" height=\"675\" src=\"https:\/\/portugal-fiberglass.com\/wp-content\/uploads\/2019\/03\/16_9-1200x675-espreguicadeira-tagus-1147-jardim-b.webp\" class=\"wd-gallery-image image-2\" alt=\"\" srcset=\"https:\/\/portugal-fiberglass.com\/wp-content\/uploads\/2019\/03\/16_9-1200x675-espreguicadeira-tagus-1147-jardim-b.webp 1200w, https:\/\/portugal-fiberglass.com\/wp-content\/uploads\/2019\/03\/16_9-1200x675-espreguicadeira-tagus-1147-jardim-b-150x84.webp 150w\" sizes=\"auto, (max-width: 1200px) 100vw, 1200px\" \/>\n\t\t\t\t\t\t\t\t\t\t\t\t\t\t<\/div>\n\t\t\t\t\t\t\t\t\t\t\t<div class=\"wd-gallery-item wd-carousel-item\">\n\t\t\t\t\t\t\t\n\t\t\t\t\t\t\t\t<img loading=\"lazy\" decoding=\"async\" width=\"1200\" height=\"675\" src=\"https:\/\/portugal-fiberglass.com\/wp-content\/uploads\/2019\/03\/16_9-1200x675-espreguicadeira-tagus-1147-jardim-ltr.webp\" class=\"wd-gallery-image image-3\" alt=\"\" srcset=\"https:\/\/portugal-fiberglass.com\/wp-content\/uploads\/2019\/03\/16_9-1200x675-espreguicadeira-tagus-1147-jardim-ltr.webp 1200w, https:\/\/portugal-fiberglass.com\/wp-content\/uploads\/2019\/03\/16_9-1200x675-espreguicadeira-tagus-1147-jardim-ltr-150x84.webp 150w\" sizes=\"auto, (max-width: 1200px) 100vw, 1200px\" \/>\n\t\t\t\t\t\t\t\t\t\t\t\t\t\t<\/div>\n\t\t\t\t\t\t\t\t\t\t\t<div class=\"wd-gallery-item wd-carousel-item\">\n\t\t\t\t\t\t\t\n\t\t\t\t\t\t\t\t<img loading=\"lazy\" decoding=\"async\" width=\"1200\" height=\"675\" src=\"https:\/\/portugal-fiberglass.com\/wp-content\/uploads\/2019\/03\/16_9-1200x675-espreguicadeira-tagus-1147-jardim-relva-lateral.webp\" class=\"wd-gallery-image image-4\" alt=\"\" srcset=\"https:\/\/portugal-fiberglass.com\/wp-content\/uploads\/2019\/03\/16_9-1200x675-espreguicadeira-tagus-1147-jardim-relva-lateral.webp 1200w, https:\/\/portugal-fiberglass.com\/wp-content\/uploads\/2019\/03\/16_9-1200x675-espreguicadeira-tagus-1147-jardim-relva-lateral-150x84.webp 150w\" sizes=\"auto, (max-width: 1200px) 100vw, 1200px\" \/>\n\t\t\t\t\t\t\t\t\t\t\t\t\t\t<\/div>\n\t\t\t\t\t\t\t\t\t\t\t<div class=\"wd-gallery-item wd-carousel-item\">\n\t\t\t\t\t\t\t\n\t\t\t\t\t\t\t\t<img loading=\"lazy\" decoding=\"async\" width=\"1200\" height=\"675\" src=\"https:\/\/portugal-fiberglass.com\/wp-content\/uploads\/2019\/03\/16_9-1200x675-espreguicadeira-tagus-1147-jardim-relva.webp\" class=\"wd-gallery-image image-5\" alt=\"\" srcset=\"https:\/\/portugal-fiberglass.com\/wp-content\/uploads\/2019\/03\/16_9-1200x675-espreguicadeira-tagus-1147-jardim-relva.webp 1200w, https:\/\/portugal-fiberglass.com\/wp-content\/uploads\/2019\/03\/16_9-1200x675-espreguicadeira-tagus-1147-jardim-relva-150x84.webp 150w\" sizes=\"auto, (max-width: 1200px) 100vw, 1200px\" \/>\n\t\t\t\t\t\t\t\t\t\t\t\t\t\t<\/div>\n\t\t\t\t\t\t\t\t\t\t\t<div class=\"wd-gallery-item wd-carousel-item\">\n\t\t\t\t\t\t\t\n\t\t\t\t\t\t\t\t<img loading=\"lazy\" decoding=\"async\" width=\"1200\" height=\"675\" src=\"https:\/\/portugal-fiberglass.com\/wp-content\/uploads\/2020\/05\/1200x675-2-espreguicadeira-tagus-1147-NPG-nexto-pool-sunlounger-portugal-fiberglass.webp\" class=\"wd-gallery-image image-6\" alt=\"\" srcset=\"https:\/\/portugal-fiberglass.com\/wp-content\/uploads\/2020\/05\/1200x675-2-espreguicadeira-tagus-1147-NPG-nexto-pool-sunlounger-portugal-fiberglass.webp 1200w, https:\/\/portugal-fiberglass.com\/wp-content\/uploads\/2020\/05\/1200x675-2-espreguicadeira-tagus-1147-NPG-nexto-pool-sunlounger-portugal-fiberglass-150x84.webp 150w\" sizes=\"auto, (max-width: 1200px) 100vw, 1200px\" \/>\n\t\t\t\t\t\t\t\t\t\t\t\t\t\t<\/div>\n\t\t\t\t\t\t\t\t\t\t\t<div class=\"wd-gallery-item wd-carousel-item\">\n\t\t\t\t\t\t\t\n\t\t\t\t\t\t\t\t<img loading=\"lazy\" decoding=\"async\" width=\"1200\" height=\"675\" src=\"https:\/\/portugal-fiberglass.com\/wp-content\/uploads\/2019\/03\/1200x675-tagus-1147-espreguicadeira-jardim.webp\" class=\"wd-gallery-image image-7\" alt=\"\" srcset=\"https:\/\/portugal-fiberglass.com\/wp-content\/uploads\/2019\/03\/1200x675-tagus-1147-espreguicadeira-jardim.webp 1200w, https:\/\/portugal-fiberglass.com\/wp-content\/uploads\/2019\/03\/1200x675-tagus-1147-espreguicadeira-jardim-150x84.webp 150w\" sizes=\"auto, (max-width: 1200px) 100vw, 1200px\" \/>\n\t\t\t\t\t\t\t\t\t\t\t\t\t\t<\/div>\n\t\t\t\t\t\t\t\t\t\n\t\t\t\t\t\t\t\t\t<\/div>\n\t\t\t\t\t\t\t<\/div>\n\n\t\t\t\t\t\t\t\n\t\t\t\t<\/div>\n\n\t\t\t\t\t\t\t\t\t\t<div class=\"wd-nav-scroll\"><\/div>\n\t\t\t\t\t\t\t<\/div>\n\t\t[\/vc_column][vc_column width=&#8220;1\/3&#8243; woodmart_css_id=&#8220;66bf78e672256&#8243; parallax_scroll=&#8220;no&#8220; woodmart_sticky_column=&#8220;false&#8220; wd_collapsible_content_switcher=&#8220;no&#8220; wd_column_role_offcanvas_desktop=&#8220;no&#8220; wd_column_role_offcanvas_tablet=&#8220;no&#8220; wd_column_role_offcanvas_mobile=&#8220;no&#8220; wd_column_role_content_desktop=&#8220;no&#8220; wd_column_role_content_tablet=&#8220;no&#8220; wd_column_role_content_mobile=&#8220;no&#8220; mobile_bg_img_hidden=&#8220;no&#8220; tablet_bg_img_hidden=&#8220;no&#8220; woodmart_parallax=&#8220;0&#8243; woodmart_box_shadow=&#8220;no&#8220; responsive_spacing=&#8220;eyJwYXJhbV90eXBlIjoid29vZG1hcnRfcmVzcG9uc2l2ZV9zcGFjaW5nIiwic2VsZWN0b3JfaWQiOiI2NmJmNzhlNjcyMjU2Iiwic2hvcnRjb2RlIjoidmNfY29sdW1uIiwiZGF0YSI6eyJ0YWJsZXQiOnt9LCJtb2JpbGUiOnt9fX0=&#8220; mobile_reset_margin=&#8220;no&#8220; tablet_reset_margin=&#8220;no&#8220; wd_z_index=&#8220;no&#8220;]\n\t\t<div id=\"wd-671bb14f67516\" class=\"title-wrapper wd-wpb wd-set-mb reset-last-child  wd-rs-671bb14f67516 wd-title-color-default wd-title-style-default text-left vc_custom_1729868140520 wd-width-custom wd-underline-colored\">\n\t\t\t\n\t\t\t<div class=\"liner-continer\">\n\t\t\t\t<h4 class=\"woodmart-title-container title  wd-font-weight- wd-fontsize-l\" >Verleihen Sie Ihrer <u>Gartengestaltung<\/u> einen Hauch von <u>Raffinesse<\/u><\/h4>\n\t\t\t\t\t\t\t<\/div>\n\t\t\t\n\t\t\t\n\t\t\t\n\t\t<\/div>\n\t\t\n\t\t\t\t<div id=\"wd-66b63596f1516\" class=\"wd-text-block wd-wpb reset-last-child wd-rs-66b63596f1516 text-left wd-width-custom wd-fontsize-custom vc_custom_1723217314618\">\n\t\t\t<p>Entspannen Sie stilvoll mit dem perfekten Begleiter. Verwandeln Sie Ihren Au\u00dfenbereich in eine exklusive Oase<\/p>\n\t\t<\/div>\n\t\t\t\t\t<div id=\"wd-671f7cd61c797\" class=\"wd-marquee-wrapp  wd-rs-671f7cd61c797 vc_custom_1730116836626\">\n\t\t\t\t<div class=\"wd-marquee\">\n\t\t\t\t\t<div class=\"wd-marquee-content\">\n\t\t\t\t\t\t\t\t\t<span class=\"wd-marquee-item\">\n\t\t\t\t<img decoding=\"async\"  src=\"https:\/\/portugal-fiberglass.com\/wp-content\/uploads\/2020\/05\/42x42-delivery-portugal-fiberglass.svg\" title=\"42&#215;42-delivery-portugal-fiberglass\" loading=\"lazy\" width=\"42\" height=\"42\">\n\t\t\t\t\t\t\t\t\tLieferungen in ganz Europa\t\t\t\t\n\t\t\t\t\t\t\t<\/span>\n\t\t\t\t\t\t<span class=\"wd-marquee-item\">\n\t\t\t\t<img decoding=\"async\"  src=\"https:\/\/portugal-fiberglass.com\/wp-content\/uploads\/2020\/05\/42x42-handmade-in-portugal-fiberglass.svg\" title=\"42&#215;42-handmade-in-portugal-fiberglass\" loading=\"lazy\" width=\"42\" height=\"42\">\n\t\t\t\t\t\t\t\t\tHandgefertigt in Portugal\t\t\t\t\n\t\t\t\t\t\t\t<\/span>\n\t\t\t\t\t\t\t\t<\/div>\n\t\t\t\t\t<div class=\"wd-marquee-content\">\n\t\t\t\t\t\t\t\t\t<span class=\"wd-marquee-item\">\n\t\t\t\t<img decoding=\"async\"  src=\"https:\/\/portugal-fiberglass.com\/wp-content\/uploads\/2020\/05\/42x42-delivery-portugal-fiberglass.svg\" title=\"42&#215;42-delivery-portugal-fiberglass\" loading=\"lazy\" width=\"42\" height=\"42\">\n\t\t\t\t\t\t\t\t\tLieferungen in ganz Europa\t\t\t\t\n\t\t\t\t\t\t\t<\/span>\n\t\t\t\t\t\t<span class=\"wd-marquee-item\">\n\t\t\t\t<img decoding=\"async\"  src=\"https:\/\/portugal-fiberglass.com\/wp-content\/uploads\/2020\/05\/42x42-handmade-in-portugal-fiberglass.svg\" title=\"42&#215;42-handmade-in-portugal-fiberglass\" loading=\"lazy\" width=\"42\" height=\"42\">\n\t\t\t\t\t\t\t\t\tHandgefertigt in Portugal\t\t\t\t\n\t\t\t\t\t\t\t<\/span>\n\t\t\t\t\t\t\t\t<\/div>\n\t\t\t\t<\/div>\n\t\t\t<\/div>\n\t\t[\/vc_column][\/vc_row][vc_row full_width=&#8220;stretch_row&#8220; responsive_tabs_advanced=&#8220;mobile&#8220; css=&#8220;.vc_custom_1723218274185{padding-top: 25px !important;background-color: #f9f9f9 !important;}&#8220; woodmart_css_id=&#8220;66b6394e8cbbd&#8220; responsive_spacing=&#8220;eyJwYXJhbV90eXBlIjoid29vZG1hcnRfcmVzcG9uc2l2ZV9zcGFjaW5nIiwic2VsZWN0b3JfaWQiOiI2NmI2Mzk0ZThjYmJkIiwic2hvcnRjb2RlIjoidmNfcm93IiwiZGF0YSI6eyJ0YWJsZXQiOnt9LCJtb2JpbGUiOnt9fX0=&#8220; mobile_bg_img_hidden=&#8220;no&#8220; tablet_bg_img_hidden=&#8220;no&#8220; woodmart_parallax=&#8220;0&#8243; woodmart_gradient_switch=&#8220;no&#8220; woodmart_box_shadow=&#8220;no&#8220; wd_z_index=&#8220;no&#8220; woodmart_disable_overflow=&#8220;0&#8243; row_reverse_mobile=&#8220;1&#8243; row_reverse_tablet=&#8220;0&#8243;][vc_column width=&#8220;1\/12&#8243;][\/vc_column][vc_column width=&#8220;6\/12&#8243; la_animation_duration=&#8220;1&#8243; la_animation_delay=&#8220;0&#8243; la_animation_iteration_count=&#8220;1&#8243; css=&#8220;.vc_custom_1611881183479{padding-right: 10% !important;}&#8220;]\t\t<div id=\"wd-671bac1dbd1b5\" class=\"wd-text-block wd-wpb reset-last-child wd-rs-671bac1dbd1b5 text-left wd-width-custom wd-fontsize-custom vc_custom_1729866805546\">\n\t\t\t<p>Der<a style=\"font-weight: 500; color: #ff765a;\"> Tagus 1147<\/a> Liegestuhl ist perfekt f\u00fcr Au\u00dfenbereiche und wurde f\u00fcr extreme Wetterbedingungen konzipiert. Gefertigt aus hochwertigen Materialien bietet er UV-Schutz und garantiert langanhaltende Haltbarkeit bei h\u00f6chstem Komfort.<\/p>\n<p>Mit seinem schlanken, modernen Design ist der Tagus 1147 vollst\u00e4ndig aus Glasfaser gefertigt, was ihn au\u00dfergew\u00f6hnlich leicht und einfach stapelbar macht.<\/p>\n<p>Sein raffinierter Stil macht ihn zu einem Blickfang in jedem Luxushotel oder exklusiven Garten. Dar\u00fcber hinaus macht ihn sein elegantes, modernes Aussehen zum idealen Accessoire f\u00fcr unvergessliche Selfies &#8211; eine perfekte Verbindung von Stil und Praktikabilit\u00e4t.<\/p>\n\t\t<\/div>\n\t\t[\/vc_column][vc_column width=&#8220;4\/12&#8243;][vc_single_image image=&#8220;14535&#8243; img_size=&#8220;full&#8220; alignment=&#8220;center&#8220; css=&#8220;&#8220; parallax_scroll=&#8220;no&#8220; woodmart_inline=&#8220;no&#8220;][\/vc_column][vc_column width=&#8220;1\/12&#8243;][\/vc_column][\/vc_row][vc_row full_width=&#8220;stretch_row&#8220; content_placement=&#8220;middle&#8220; css=&#8220;.vc_custom_1722730259795{margin-bottom: 25px !important;}&#8220; woodmart_css_id=&#8220;66aec70f6ff25&#8243; responsive_spacing=&#8220;eyJwYXJhbV90eXBlIjoid29vZG1hcnRfcmVzcG9uc2l2ZV9zcGFjaW5nIiwic2VsZWN0b3JfaWQiOiI2NmFlYzcwZjZmZjI1Iiwic2hvcnRjb2RlIjoidmNfcm93IiwiZGF0YSI6eyJ0YWJsZXQiOnt9LCJtb2JpbGUiOnt9fX0=&#8220; mobile_bg_img_hidden=&#8220;no&#8220; tablet_bg_img_hidden=&#8220;no&#8220; woodmart_parallax=&#8220;0&#8243; woodmart_gradient_switch=&#8220;no&#8220; row_reverse_mobile=&#8220;0&#8243; row_reverse_tablet=&#8220;0&#8243; woodmart_disable_overflow=&#8220;0&#8243; woodmart_box_shadow=&#8220;no&#8220; wd_z_index=&#8220;no&#8220;][vc_column css=&#8220;.vc_custom_1503987927476{margin-bottom: 35px !important;padding-top: 0px !important;}&#8220; offset=&#8220;vc_col-md-6&#8243;][vc_row_inner][vc_column_inner width=&#8220;1\/2&#8243; css=&#8220;.vc_custom_1628598496054{padding-top: 40px !important;}&#8220; offset=&#8220;vc_col-xs-12&#8243; woodmart_css_id=&#8220;611270d8568de&#8220; responsive_spacing=&#8220;eyJwYXJhbV90eXBlIjoid29vZG1hcnRfcmVzcG9uc2l2ZV9zcGFjaW5nIiwic2VsZWN0b3JfaWQiOiI2MTEyNzBkODU2OGRlIiwic2hvcnRjb2RlIjoidmNfY29sdW1uX2lubmVyIiwiZGF0YSI6eyJ0YWJsZXQiOnsicGFkZGluZy10b3AiOiIwIn0sIm1vYmlsZSI6e319fQ==&#8220;][vc_single_image image=&#8220;16817&#8243; img_size=&#8220;full&#8220; alignment=&#8220;center&#8220; css=&#8220;&#8220; parallax_scroll=&#8220;no&#8220; woodmart_inline=&#8220;no&#8220;][\/vc_column_inner][vc_column_inner width=&#8220;1\/2&#8243; css=&#8220;.vc_custom_1502961619083{padding-top: 0px !important;}&#8220; offset=&#8220;vc_col-xs-12&#8243;][vc_empty_space height=&#8220;0px&#8220; el_id=&#8220;escolher-cor&#8220; woodmart_hide_large=&#8220;0&#8243; woodmart_hide_medium=&#8220;0&#8243; woodmart_hide_small=&#8220;0&#8243;][vc_single_image image=&#8220;16809&#8243; img_size=&#8220;full&#8220; alignment=&#8220;center&#8220; css=&#8220;&#8220; parallax_scroll=&#8220;no&#8220; woodmart_inline=&#8220;no&#8220;][\/vc_column_inner][\/vc_row_inner][\/vc_column][vc_column css=&#8220;.vc_custom_1628057810440{margin-bottom: 35px !important;padding-top: 0px !important;}&#8220; offset=&#8220;vc_col-md-6&#8243; woodmart_css_id=&#8220;610a30ce8433d&#8220; responsive_spacing=&#8220;eyJwYXJhbV90eXBlIjoid29vZG1hcnRfcmVzcG9uc2l2ZV9zcGFjaW5nIiwic2VsZWN0b3JfaWQiOiI2MTBhMzBjZTg0MzNkIiwic2hvcnRjb2RlIjoidmNfY29sdW1uIiwiZGF0YSI6eyJ0YWJsZXQiOnt9LCJtb2JpbGUiOnt9fX0=&#8220; parallax_scroll=&#8220;no&#8220; mobile_bg_img_hidden=&#8220;no&#8220; tablet_bg_img_hidden=&#8220;no&#8220; woodmart_parallax=&#8220;0&#8243; woodmart_sticky_column=&#8220;false&#8220; mobile_reset_margin=&#8220;no&#8220; tablet_reset_margin=&#8220;no&#8220;]\t\t<div id=\"wd-66a0c64f860aa\" class=\"wd-text-block wd-wpb reset-last-child wd-rs-66a0c64f860aa text-center color-primary wd-fontsize-custom font-primary vc_custom_1721812590672\">\n\t\t\t<p><em>Personalisierung<\/em><\/p>\n\t\t<\/div>\n\t\t\n\t\t<div id=\"wd-66e024d856b26\" class=\"title-wrapper wd-wpb wd-set-mb reset-last-child  wd-rs-66e024d856b26 wd-title-color-default wd-title-style-default text-center vc_custom_1725965575803 wd-width-custom wd-underline-colored\">\n\t\t\t\n\t\t\t<div class=\"liner-continer\">\n\t\t\t\t<h4 class=\"woodmart-title-container title  wd-font-weight-400 wd-fontsize-l\" >W\u00fcnschen Sie eine andere <strong>Farbe<\/strong>?<\/h4>\n\t\t\t\t\t\t\t<\/div>\n\t\t\t\n\t\t\t\t\t\t\t<div class=\"title-after_title reset-last-child  wd-fontsize-xs\">Personalisieren Sie unsere Sonnenliege mit einer anderen Farbe. W\u00e4hlen Sie eine Farbe aus dem RAL-System, und wir fertigen sie f\u00fcr Sie an.<\/div>\n\t\t\t\n\t\t\t\n\t\t<\/div>\n\t\t\n\t\t<div id=\"wd-66d1016c1dede\" class=\" wd-rs-66d1016c1dede   wd-rs-66d1016c1dede wd-button-wrapper text-center\"><a href=\"#color-pick\" title=\"\" class=\"btn btn-color-alt btn-style-default btn-shape-round btn-size-default wd-open-popup \">Farbe anpassen<\/a><\/div><div id=\"color-pick\" class=\"mfp-hide wd-popup wd-popup-element wd-scroll-content\" style=\"--wd-popup-width:800px;\"><div class=\"wpb-content-wrapper\">[vc_row][vc_column]\t\t<div id=\"wd-66a0c9fe1f9e7\" class=\"wd-text-block wd-wpb reset-last-child wd-rs-66a0c9fe1f9e7 text-center color-primary \">\n\t\t\t<p>W\u00e4hlen Sie eine andere Farbe<\/p>\n\t\t<\/div>\n\t\t\n<div class=\"wpcf7 no-js\" id=\"wpcf7-f14665-o1\" lang=\"de-DE\" dir=\"ltr\" data-wpcf7-id=\"14665\">\n<div class=\"screen-reader-response\"><p role=\"status\" aria-live=\"polite\" aria-atomic=\"true\"><\/p> <ul><\/ul><\/div>\n<form action=\"\/de\/wp-json\/wp\/v2\/product\/14529#wpcf7-f14665-o1\" method=\"post\" class=\"wpcf7-form init\" aria-label=\"Kontaktformular\" novalidate=\"novalidate\" data-status=\"init\">\n<fieldset class=\"hidden-fields-container\"><input type=\"hidden\" name=\"_wpcf7\" value=\"14665\" \/><input type=\"hidden\" name=\"_wpcf7_version\" value=\"6.1.5\" \/><input type=\"hidden\" name=\"_wpcf7_locale\" value=\"de_DE\" \/><input type=\"hidden\" name=\"_wpcf7_unit_tag\" value=\"wpcf7-f14665-o1\" \/><input type=\"hidden\" name=\"_wpcf7_container_post\" value=\"0\" \/><input type=\"hidden\" name=\"_wpcf7_posted_data_hash\" value=\"\" \/>\n<\/fieldset>\n<div class=\"row\">\n\t<p class=\"col-md-6\"><span class=\"wpcf7-form-control-wrap\" data-name=\"First-name\"><input size=\"40\" maxlength=\"400\" class=\"wpcf7-form-control wpcf7-text wpcf7-validates-as-required\" aria-required=\"true\" aria-invalid=\"false\" value=\"Name*\" type=\"text\" name=\"First-name\" \/><\/span>\n\t<\/p>\n\t<p class=\"col-md-6\"><span class=\"wpcf7-form-control-wrap\" data-name=\"Product-reference\"><input size=\"40\" maxlength=\"400\" class=\"wpcf7-form-control wpcf7-text wpcf7-validates-as-required\" aria-required=\"true\" aria-invalid=\"false\" value=\"Produkt*\" type=\"text\" name=\"Product-reference\" \/><\/span>\n\t<\/p>\n<\/div>\n<div class=\"row\">\n\t<p class=\"col-md-6\"><span class=\"wpcf7-form-control-wrap\" data-name=\"quantity\"><input class=\"wpcf7-form-control wpcf7-number wpcf7-validates-as-required wpcf7-validates-as-number\" aria-required=\"true\" aria-invalid=\"false\" placeholder=\"2 St\u00fcck*\" value=\"\" type=\"number\" name=\"quantity\" \/><\/span>\n\t<\/p>\n\t<p class=\"col-md-6\"><span class=\"wpcf7-form-control-wrap\" data-name=\"color-reference\"><input size=\"40\" maxlength=\"400\" class=\"wpcf7-form-control wpcf7-text wpcf7-validates-as-required\" aria-required=\"true\" aria-invalid=\"false\" placeholder=\"RAL Klassischer Farbcode*\" value=\"\" type=\"text\" name=\"color-reference\" \/><\/span>\n\t<\/p>\n<\/div>\n<p><span class=\"wpcf7-form-control-wrap\" data-name=\"your-email\"><input size=\"40\" maxlength=\"400\" class=\"wpcf7-form-control wpcf7-email wpcf7-validates-as-required wpcf7-text wpcf7-validates-as-email\" aria-required=\"true\" aria-invalid=\"false\" value=\"Email*\" type=\"email\" name=\"your-email\" \/><\/span>\n<\/p>\n<p><span class=\"wpcf7-form-control-wrap\" data-name=\"note\"><input size=\"40\" maxlength=\"400\" class=\"wpcf7-form-control wpcf7-text\" aria-invalid=\"false\" value=\"Anmerkung\" type=\"text\" name=\"note\" \/><\/span>\n<\/p>\n<div class=\"cf7-cf-turnstile\" style=\"margin-top: 0px; margin-bottom: -15px;\"> <div id=\"cf-turnstile-cf7-3741538712\" class=\"cf-turnstile\" data-callback=\"turnstileCF7Callback\" data-sitekey=\"0x4AAAAAAAi7w5nR4SIhsbJx\" data-theme=\"light\" data-language=\"auto\" data-size=\"normal\" data-retry=\"auto\" data-retry-interval=\"1000\" data-refresh-expired=\"auto\" data-refresh-timeout=\"auto\" data-action=\"contact-form-7\" data-callback=\"turnstileCF7Callback\" data-appearance=\"always\"><\/div> <style>.wpcf7-submit { pointer-events: none; opacity: 0.5; }<\/style> <script>document.addEventListener(\"DOMContentLoaded\", function() { setTimeout(function(){ var e=document.getElementById(\"cf-turnstile-cf7-3741538712\"); if(e&&!e.innerHTML.trim()){turnstile.render(e, {sitekey:\"0x4AAAAAAAi7w5nR4SIhsbJx\"});} }, 200); });<\/script> <br class=\"cf-turnstile-br cf-turnstile-br-cf7-3741538712\"> <style>#cf-turnstile-cf7-3741538712 { margin-left: -15px; }<\/style> <script>document.addEventListener(\"DOMContentLoaded\",function(){document.querySelectorAll('.wpcf7-form').forEach(function(e){e.addEventListener('submit',function(){if(document.getElementById('cf-turnstile-cf7-3741538712')){setTimeout(function(){turnstile.reset('#cf-turnstile-cf7-3741538712');},1000)}})})});<\/script> <\/div><br\/><input class=\"wpcf7-form-control wpcf7-submit has-spinner btn btn-color-primary btn-style-round\" type=\"submit\" value=\"Senden\" \/>\n<\/p><div class=\"wpcf7-response-output\" aria-hidden=\"true\"><\/div>\n<\/form>\n<\/div>\n\t\t<div id=\"wd-66ab69342465e\" class=\"wd-text-block wd-wpb reset-last-child wd-rs-66ab69342465e text-center color-alt \">\n\t\t\t<p>*Greifen Sie <a href=\"https:\/\/www.ral-farben.de\/en\/all-ral-colours\">hier <\/a>auf das komplette RAL Classic Farbsystem zu und w\u00e4hlen Sie den perfekten Farbton f\u00fcr Ihr Projekt. Sonderfarben sind mit Zusatzkosten verbunden<\/p>\n\t\t<\/div>\n\t\t[\/vc_column][\/vc_row]<\/div><\/div>[\/vc_column][\/vc_row][vc_row content_placement=&#8220;middle&#8220; css=&#8220;.vc_custom_1722962698528{margin-bottom: 25px !important;}&#8220; woodmart_css_id=&#8220;66b252d64938a&#8220; responsive_spacing=&#8220;eyJwYXJhbV90eXBlIjoid29vZG1hcnRfcmVzcG9uc2l2ZV9zcGFjaW5nIiwic2VsZWN0b3JfaWQiOiI2NmIyNTJkNjQ5MzhhIiwic2hvcnRjb2RlIjoidmNfcm93IiwiZGF0YSI6eyJ0YWJsZXQiOnt9LCJtb2JpbGUiOnsibWFyZ2luLXRvcCI6IjAifX19&#8243; mobile_bg_img_hidden=&#8220;no&#8220; tablet_bg_img_hidden=&#8220;no&#8220; woodmart_parallax=&#8220;0&#8243; woodmart_gradient_switch=&#8220;no&#8220; row_reverse_mobile=&#8220;0&#8243; row_reverse_tablet=&#8220;0&#8243; woodmart_disable_overflow=&#8220;0&#8243; woodmart_box_shadow=&#8220;no&#8220; wd_z_index=&#8220;no&#8220;][vc_column css=&#8220;.vc_custom_1747048684367{margin-bottom: 35px !important;padding-top: 0px !important;}&#8220; offset=&#8220;vc_col-md-6&#8243; woodmart_css_id=&#8220;6821d8e7db861&#8243; responsive_spacing=&#8220;eyJwYXJhbV90eXBlIjoid29vZG1hcnRfcmVzcG9uc2l2ZV9zcGFjaW5nIiwic2VsZWN0b3JfaWQiOiI2ODIxZDhlN2RiODYxIiwic2hvcnRjb2RlIjoidmNfY29sdW1uIiwiZGF0YSI6eyJ0YWJsZXQiOnt9LCJtb2JpbGUiOnt9fX0=&#8220; parallax_scroll=&#8220;no&#8220; mobile_bg_img_hidden=&#8220;no&#8220; tablet_bg_img_hidden=&#8220;no&#8220; woodmart_parallax=&#8220;0&#8243; woodmart_sticky_column=&#8220;false&#8220; mobile_reset_margin=&#8220;no&#8220; tablet_reset_margin=&#8220;no&#8220; wd_collapsible_content_switcher=&#8220;no&#8220; wd_column_role_offcanvas_desktop=&#8220;no&#8220; wd_column_role_offcanvas_tablet=&#8220;no&#8220; wd_column_role_offcanvas_mobile=&#8220;no&#8220; wd_column_role_content_desktop=&#8220;no&#8220; wd_column_role_content_tablet=&#8220;no&#8220; wd_column_role_content_mobile=&#8220;no&#8220; woodmart_box_shadow=&#8220;no&#8220; wd_z_index=&#8220;no&#8220;]\t\t<div id=\"wd-66d10011d8264\" class=\"wd-text-block wd-wpb reset-last-child wd-rs-66d10011d8264 text-right color-primary wd-fontsize-custom font-primary vc_custom_1724973081167\">\n\t\t\t<p><em>m\u00f6bel f\u00fcr den Einsatz im Pool entworfen <\/em><\/p>\n\t\t<\/div>\n\t\t\n\t\t<div id=\"wd-66d1001b4dfd9\" class=\"title-wrapper wd-wpb wd-set-mb reset-last-child  wd-rs-66d1001b4dfd9 wd-title-color-default wd-title-style-default text-right vc_custom_1724973088444 wd-width-custom wd-underline-colored\">\n\t\t\t\n\t\t\t<div class=\"liner-continer\">\n\t\t\t\t<h4 class=\"woodmart-title-container title  wd-font-weight-400 wd-fontsize-l\" ><strong>Sonnenliege Tagus 1147 NPG<\/strong><\/h4>\n\t\t\t\t\t\t\t<\/div>\n\t\t\t\n\t\t\t\t\t\t\t<div class=\"title-after_title reset-last-child  wd-fontsize-xs\">Mit modernem Design und eleganten Linien werten diese St\u00fccke jedes Ambiente auf. Aus Fiberglas gefertigt, sind sie robust, ultraleicht und einfach zu stapeln. Speziell f\u00fcr den Einsatz im Pool entworfen<\/div>\n\t\t\t\n\t\t\t\n\t\t<\/div>\n\t\t\n\t\t[vc_row_inner content_placement=&#8220;middle&#8220; woodmart_css_id=&#8220;66953cf8ea19b&#8220; responsive_spacing=&#8220;eyJwYXJhbV90eXBlIjoid29vZG1hcnRfcmVzcG9uc2l2ZV9zcGFjaW5nIiwic2VsZWN0b3JfaWQiOiI2Njk1M2NmOGVhMTliIiwic2hvcnRjb2RlIjoidmNfcm93X2lubmVyIiwiZGF0YSI6eyJ0YWJsZXQiOnt9LCJtb2JpbGUiOnt9fX0=&#8220; mobile_bg_img_hidden=&#8220;no&#8220; tablet_bg_img_hidden=&#8220;no&#8220; woodmart_parallax=&#8220;0&#8243; woodmart_gradient_switch=&#8220;no&#8220; woodmart_box_shadow=&#8220;no&#8220; wd_z_index=&#8220;no&#8220; woodmart_disable_overflow=&#8220;0&#8243; row_reverse_mobile=&#8220;0&#8243; row_reverse_tablet=&#8220;0&#8243;][vc_column_inner woodmart_text_align=&#8220;right&#8220; woodmart_css_id=&#8220;66d10092a390e&#8220; parallax_scroll=&#8220;no&#8220; woodmart_sticky_column=&#8220;false&#8220; wd_collapsible_content_switcher=&#8220;no&#8220; wd_column_role_offcanvas_desktop=&#8220;no&#8220; wd_column_role_offcanvas_tablet=&#8220;no&#8220; wd_column_role_offcanvas_mobile=&#8220;no&#8220; wd_column_role_content_desktop=&#8220;no&#8220; wd_column_role_content_tablet=&#8220;no&#8220; wd_column_role_content_mobile=&#8220;no&#8220; mobile_bg_img_hidden=&#8220;no&#8220; tablet_bg_img_hidden=&#8220;no&#8220; woodmart_parallax=&#8220;0&#8243; woodmart_box_shadow=&#8220;no&#8220; responsive_spacing=&#8220;eyJwYXJhbV90eXBlIjoid29vZG1hcnRfcmVzcG9uc2l2ZV9zcGFjaW5nIiwic2VsZWN0b3JfaWQiOiI2NmQxMDA5MmEzOTBlIiwic2hvcnRjb2RlIjoidmNfY29sdW1uX2lubmVyIiwiZGF0YSI6eyJ0YWJsZXQiOnt9LCJtb2JpbGUiOnt9fX0=&#8220; wd_z_index=&#8220;no&#8220;]<div id=\"wd-66b4e5faf3191\" class=\" wd-rs-66b4e5faf3191  wd-button-wrapper text-center inline-element\"><a href=\"https:\/\/portugal-fiberglass.com\/de\/liege-fuer-pool-und-garten\/\" title=\"\" class=\"btn btn-style-bordered btn-shape-round btn-size-default\">Pool-Liegen<\/a><\/div><div id=\"wd-6817fb87128f9\" class=\" wd-rs-6817fb87128f9  wd-button-wrapper text-center inline-element\"><a href=\"https:\/\/portugal-fiberglass.com\/de\/produkt\/magnetisches-kissen-tagus-1255\/\" title=\"Tagus 1255-Kissen\" class=\"btn btn-style-bordered btn-shape-round btn-size-default\">Magnetkissen<\/a><\/div><div id=\"wd-66b55dceaaab9\" class=\" wd-rs-66b55dceaaab9  wd-button-wrapper text-center inline-element\"><a href=\"https:\/\/portugal-fiberglass.com\/de\/produkt\/in-pool-sonnenliege-tagus-1147-npg\/\" title=\"\" class=\"btn btn-color-primary btn-style-default btn-shape-round btn-size-default\">Mehr sehen<\/a><\/div>[\/vc_column_inner][\/vc_row_inner][\/vc_column][vc_column css=&#8220;.vc_custom_1503987927476{margin-bottom: 35px !important;padding-top: 0px !important;}&#8220; offset=&#8220;vc_col-md-6&#8243;][vc_row_inner][vc_column_inner width=&#8220;1\/2&#8243; css=&#8220;.vc_custom_1747048691461{padding-top: 40px !important;}&#8220; offset=&#8220;vc_col-xs-12&#8243; woodmart_css_id=&#8220;6821d8eeee08f&#8220; responsive_spacing=&#8220;eyJwYXJhbV90eXBlIjoid29vZG1hcnRfcmVzcG9uc2l2ZV9zcGFjaW5nIiwic2VsZWN0b3JfaWQiOiI2ODIxZDhlZWVlMDhmIiwic2hvcnRjb2RlIjoidmNfY29sdW1uX2lubmVyIiwiZGF0YSI6eyJ0YWJsZXQiOnsicGFkZGluZy10b3AiOiIwcHgifSwibW9iaWxlIjp7fX19&#8243; parallax_scroll=&#8220;no&#8220; woodmart_sticky_column=&#8220;false&#8220; wd_collapsible_content_switcher=&#8220;no&#8220; wd_column_role_offcanvas_desktop=&#8220;no&#8220; wd_column_role_offcanvas_tablet=&#8220;no&#8220; wd_column_role_offcanvas_mobile=&#8220;no&#8220; wd_column_role_content_desktop=&#8220;no&#8220; wd_column_role_content_tablet=&#8220;no&#8220; wd_column_role_content_mobile=&#8220;no&#8220; mobile_bg_img_hidden=&#8220;no&#8220; tablet_bg_img_hidden=&#8220;no&#8220; woodmart_parallax=&#8220;0&#8243; woodmart_box_shadow=&#8220;no&#8220; wd_z_index=&#8220;no&#8220;][vc_single_image image=&#8220;16825&#8243; img_size=&#8220;full&#8220; alignment=&#8220;center&#8220; onclick=&#8220;custom_link&#8220; css=&#8220;&#8220; link=&#8220;https:\/\/portugal-fiberglass.com\/de\/produkt\/in-pool-sonnenliege-tagus-1147-npg\/&#8220; parallax_scroll=&#8220;no&#8220; woodmart_inline=&#8220;no&#8220;][\/vc_column_inner][vc_column_inner width=&#8220;1\/2&#8243; css=&#8220;.vc_custom_1747048707537{padding-top: 0px !important;}&#8220; offset=&#8220;vc_col-xs-12&#8243; woodmart_css_id=&#8220;6821d8fd22785&#8243; parallax_scroll=&#8220;no&#8220; woodmart_sticky_column=&#8220;false&#8220; wd_collapsible_content_switcher=&#8220;no&#8220; wd_column_role_offcanvas_desktop=&#8220;no&#8220; wd_column_role_offcanvas_tablet=&#8220;no&#8220; wd_column_role_offcanvas_mobile=&#8220;no&#8220; wd_column_role_content_desktop=&#8220;no&#8220; wd_column_role_content_tablet=&#8220;no&#8220; wd_column_role_content_mobile=&#8220;no&#8220; mobile_bg_img_hidden=&#8220;no&#8220; tablet_bg_img_hidden=&#8220;no&#8220; woodmart_parallax=&#8220;0&#8243; woodmart_box_shadow=&#8220;no&#8220; responsive_spacing=&#8220;eyJwYXJhbV90eXBlIjoid29vZG1hcnRfcmVzcG9uc2l2ZV9zcGFjaW5nIiwic2VsZWN0b3JfaWQiOiI2ODIxZDhmZDIyNzg1Iiwic2hvcnRjb2RlIjoidmNfY29sdW1uX2lubmVyIiwiZGF0YSI6eyJ0YWJsZXQiOnt9LCJtb2JpbGUiOnt9fX0=&#8220; wd_z_index=&#8220;no&#8220;][vc_single_image image=&#8220;16833&#8243; img_size=&#8220;full&#8220; alignment=&#8220;center&#8220; onclick=&#8220;custom_link&#8220; css=&#8220;&#8220; link=&#8220;https:\/\/portugal-fiberglass.com\/de\/produkt\/in-pool-sonnenliege-tagus-1147-npg\/&#8220; parallax_scroll=&#8220;no&#8220; woodmart_inline=&#8220;no&#8220;][\/vc_column_inner][\/vc_row_inner][\/vc_column][\/vc_row][vc_row css=&#8220;.vc_custom_1724188837969{margin-bottom: 0px !important;}&#8220; woodmart_css_id=&#8220;66c5089a3b912&#8243; responsive_spacing=&#8220;eyJwYXJhbV90eXBlIjoid29vZG1hcnRfcmVzcG9uc2l2ZV9zcGFjaW5nIiwic2VsZWN0b3JfaWQiOiI2NmM1MDg5YTNiOTEyIiwic2hvcnRjb2RlIjoidmNfcm93IiwiZGF0YSI6eyJ0YWJsZXQiOnt9LCJtb2JpbGUiOnt9fX0=&#8220; mobile_bg_img_hidden=&#8220;no&#8220; tablet_bg_img_hidden=&#8220;no&#8220; woodmart_parallax=&#8220;0&#8243; woodmart_gradient_switch=&#8220;no&#8220; woodmart_box_shadow=&#8220;no&#8220; wd_z_index=&#8220;no&#8220; woodmart_disable_overflow=&#8220;0&#8243; row_reverse_mobile=&#8220;0&#8243; row_reverse_tablet=&#8220;0&#8243;][vc_column]<style data-type=\"vc_shortcodes-custom-css\">.vc_custom_1720599765601{margin-right: 0px !important;margin-bottom: 80px !important;margin-left: 0px !important;}.vc_custom_1722979904060{padding-top: 40px !important;padding-right: 40px !important;padding-bottom: 10px !important;padding-left: 40px !important;background-color: #69a197 !important;border-radius: 10px !important;}#wd-66c3b88099e00 .info-box-title{line-height:34px;font-size:24px;}#wd-66c3b8be45f67 .info-box-title{line-height:34px;font-size:24px;}#wd-66cc91b334c0f .info-box-title{line-height:34px;font-size:24px;}#wd-66c77828a3d55 .info-box-title{line-height:34px;font-size:24px;}<\/style><div class=\"wpb-content-wrapper\">[vc_row css=\".vc_custom_1720599765601{margin-right: 0px !important;margin-bottom: 80px !important;margin-left: 0px !important;}\" woodmart_css_id=\"668e434d9d974\" responsive_spacing=\"eyJwYXJhbV90eXBlIjoid29vZG1hcnRfcmVzcG9uc2l2ZV9zcGFjaW5nIiwic2VsZWN0b3JfaWQiOiI2NjhlNDM0ZDlkOTc0Iiwic2hvcnRjb2RlIjoidmNfcm93IiwiZGF0YSI6eyJ0YWJsZXQiOnt9LCJtb2JpbGUiOnt9fX0=\" mobile_bg_img_hidden=\"no\" tablet_bg_img_hidden=\"no\" woodmart_parallax=\"0\" woodmart_gradient_switch=\"no\" woodmart_box_shadow=\"no\" wd_z_index=\"no\" woodmart_disable_overflow=\"0\" row_reverse_mobile=\"0\" row_reverse_tablet=\"0\"][vc_column][vc_row_inner content_placement=\"top\" css=\".vc_custom_1722979904060{padding-top: 40px !important;padding-right: 40px !important;padding-bottom: 10px !important;padding-left: 40px !important;background-color: #69a197 !important;border-radius: 10px !important;}\" woodmart_css_id=\"66b29635953bd\" responsive_spacing=\"eyJwYXJhbV90eXBlIjoid29vZG1hcnRfcmVzcG9uc2l2ZV9zcGFjaW5nIiwic2VsZWN0b3JfaWQiOiI2NmIyOTYzNTk1M2JkIiwic2hvcnRjb2RlIjoidmNfcm93X2lubmVyIiwiZGF0YSI6eyJ0YWJsZXQiOnt9LCJtb2JpbGUiOnt9fX0=\" mobile_bg_img_hidden=\"no\" tablet_bg_img_hidden=\"no\" woodmart_parallax=\"0\" woodmart_gradient_switch=\"no\" woodmart_box_shadow=\"no\" wd_z_index=\"no\" woodmart_disable_overflow=\"0\" row_reverse_mobile=\"0\" row_reverse_tablet=\"0\"][vc_column_inner width=\"1\/4\"]\t\t\t<div class=\"info-box-wrapper\">\n\t\t\t\t<div id=\"wd-66c3b88099e00\" class=\" wd-rs-66c3b88099e00 wd-info-box wd-wpb text-left box-icon-align-top box-style- color-scheme-light wd-bg-none \">\n\t\t\t\t\t\t\t\t\t\t\t<div class=\"box-icon-wrapper  box-with-icon box-icon-simple\">\n\t\t\t\t\t\t\t<div class=\"info-box-icon\">\n\t\t\t\t\t\t\t\t<div class=\"info-svg-wrapper\" style=\"width: 52px;height: 52px;\"><img decoding=\"async\"  src=\"https:\/\/portugal-fiberglass.com\/wp-content\/uploads\/2024\/08\/icon-fabricado-em-portugal-portugal-fiberglass.svg\"  loading=\"lazy\" width=\"52\" height=\"52\"><\/div>\t\t\t\t\t\t\t<\/div>\n\t\t\t\t\t\t<\/div>\n\t\t\t\t\t\t\t\t\t\t<div class=\"info-box-content\">\n\t\t\t\t\t\t<h4 class=\"info-box-title title box-title-style-default wd-fontsize-m\">Hergestellt in Portugal<\/h4>\t\t\t\t\t\t<div class=\"info-box-inner reset-last-child\"><p>Von der Idee bis zur Entstehung werden unsere St\u00fccke in Portugal mit gr\u00f6\u00dfter Sorgfalt aus hochwertigsten europ\u00e4ischen Materialien handgefertigt<\/p>\n<\/div>\n\n\t\t\t\t\t\t\t\t\t\t\t<\/div>\n\n\t\t\t\t\t\n\t\t\t\t\t\t\t\t\t<\/div>\n\t\t\t<\/div>\n\t\t[\/vc_column_inner][vc_column_inner width=\"1\/4\"]\t\t\t<div class=\"info-box-wrapper\">\n\t\t\t\t<div id=\"wd-66c3b8be45f67\" class=\" wd-rs-66c3b8be45f67 wd-info-box wd-wpb text-left box-icon-align-top box-style- color-scheme-light wd-bg-none \">\n\t\t\t\t\t\t\t\t\t\t\t<div class=\"box-icon-wrapper  box-with-icon box-icon-simple\">\n\t\t\t\t\t\t\t<div class=\"info-box-icon\">\n\t\t\t\t\t\t\t\t<div class=\"info-svg-wrapper\" style=\"width: 52px;height: 52px;\"><img decoding=\"async\"  src=\"https:\/\/portugal-fiberglass.com\/wp-content\/uploads\/2024\/08\/icone-qualidade-nautica-portugal-fiberglass.svg\"  loading=\"lazy\" width=\"52\" height=\"52\"><\/div>\t\t\t\t\t\t\t<\/div>\n\t\t\t\t\t\t<\/div>\n\t\t\t\t\t\t\t\t\t\t<div class=\"info-box-content\">\n\t\t\t\t\t\t<h4 class=\"info-box-title title box-title-style-default wd-fontsize-m\">Marine-Qualit\u00e4t<\/h4>\t\t\t\t\t\t<div class=\"info-box-inner reset-last-child\"><p>Gefertigt aus den gleichen marine-tauglichen Materialien, die auch im Yachtbau verwendet werden<\/p>\n<\/div>\n\n\t\t\t\t\t\t\t\t\t\t\t<\/div>\n\n\t\t\t\t\t\n\t\t\t\t\t\t\t\t\t<\/div>\n\t\t\t<\/div>\n\t\t[\/vc_column_inner][vc_column_inner width=\"1\/4\"]\t\t\t<div class=\"info-box-wrapper\">\n\t\t\t\t<div id=\"wd-66cc91b334c0f\" class=\" wd-rs-66cc91b334c0f wd-info-box wd-wpb text-left box-icon-align-top box-style- color-scheme-light wd-bg-none \">\n\t\t\t\t\t\t\t\t\t\t\t<div class=\"box-icon-wrapper  box-with-icon box-icon-simple\">\n\t\t\t\t\t\t\t<div class=\"info-box-icon\">\n\t\t\t\t\t\t\t\t<div class=\"info-svg-wrapper\" style=\"width: 52px;height: 52px;\"><img decoding=\"async\"  src=\"https:\/\/portugal-fiberglass.com\/wp-content\/uploads\/2024\/08\/icon-producao-artesanal-portugal-fiberglass.svg\"  loading=\"lazy\" width=\"52\" height=\"52\"><\/div>\t\t\t\t\t\t\t<\/div>\n\t\t\t\t\t\t<\/div>\n\t\t\t\t\t\t\t\t\t\t<div class=\"info-box-content\">\n\t\t\t\t\t\t<h4 class=\"info-box-title title box-title-style-default wd-fontsize-m\">Handgefertigte Produktion<\/h4>\t\t\t\t\t\t<div class=\"info-box-inner reset-last-child\"><p>Achtsame Produktion mit Fokus auf Details, durch einen langsamen Aush\u00e4rtungsprozess, der einen niedrigen Energieverbrauch gew\u00e4hrleistet<\/p>\n<\/div>\n\n\t\t\t\t\t\t\t\t\t\t\t<\/div>\n\n\t\t\t\t\t\n\t\t\t\t\t\t\t\t\t<\/div>\n\t\t\t<\/div>\n\t\t[\/vc_column_inner][vc_column_inner width=\"1\/4\"]\t\t\t<div class=\"info-box-wrapper\">\n\t\t\t\t<div id=\"wd-66c77828a3d55\" class=\" wd-rs-66c77828a3d55 wd-info-box wd-wpb text-left box-icon-align-top box-style- color-scheme-light wd-bg-none \">\n\t\t\t\t\t\t\t\t\t\t\t<div class=\"box-icon-wrapper  box-with-icon box-icon-simple\">\n\t\t\t\t\t\t\t<div class=\"info-box-icon\">\n\t\t\t\t\t\t\t\t<div class=\"info-svg-wrapper\" style=\"width: 52px;height: 52px;\"><img decoding=\"async\"  src=\"https:\/\/portugal-fiberglass.com\/wp-content\/uploads\/2024\/08\/icone-industria-hotelaria-portugal-fiberglass.svg\"  loading=\"lazy\" width=\"52\" height=\"52\"><\/div>\t\t\t\t\t\t\t<\/div>\n\t\t\t\t\t\t<\/div>\n\t\t\t\t\t\t\t\t\t\t<div class=\"info-box-content\">\n\t\t\t\t\t\t<h4 class=\"info-box-title title box-title-style-default wd-fontsize-m\">Hotellerie<\/h4>\t\t\t\t\t\t<div class=\"info-box-inner reset-last-child\"><p>Unsere Produkte finden Sie in erstaunlichen Hotels. Die verwendeten Materialien sorgen daf\u00fcr, dass sie langlebig, leicht und einfach zu handhaben sind.<\/p>\n<\/div>\n\n\t\t\t\t\t\t\t\t\t\t\t<\/div>\n\n\t\t\t\t\t\n\t\t\t\t\t\t\t\t\t<\/div>\n\t\t\t<\/div>\n\t\t[\/vc_column_inner][\/vc_row_inner][\/vc_column][\/vc_row]<\/div>[\/vc_column][\/vc_row][vc_row content_placement=&#8220;middle&#8220; css=&#8220;.vc_custom_1724188974889{margin-bottom: 50px !important;}&#8220; woodmart_css_id=&#8220;66c50926e03cd&#8220; responsive_spacing=&#8220;eyJwYXJhbV90eXBlIjoid29vZG1hcnRfcmVzcG9uc2l2ZV9zcGFjaW5nIiwic2VsZWN0b3JfaWQiOiI2NmM1MDkyNmUwM2NkIiwic2hvcnRjb2RlIjoidmNfcm93IiwiZGF0YSI6eyJ0YWJsZXQiOnt9LCJtb2JpbGUiOnt9fX0=&#8220; mobile_bg_img_hidden=&#8220;no&#8220; tablet_bg_img_hidden=&#8220;no&#8220; woodmart_parallax=&#8220;0&#8243; woodmart_gradient_switch=&#8220;no&#8220; row_reverse_mobile=&#8220;0&#8243; row_reverse_tablet=&#8220;0&#8243; woodmart_disable_overflow=&#8220;0&#8243; woodmart_box_shadow=&#8220;no&#8220; wd_z_index=&#8220;no&#8220;][vc_column width=&#8220;1\/2&#8243; css=&#8220;.vc_custom_1504079673177{margin-bottom: 25px !important;padding-top: 0px !important;}&#8220;][vc_row_inner content_placement=&#8220;middle&#8220;][vc_column_inner width=&#8220;1\/2&#8243; css=&#8220;.vc_custom_1502454527869{padding-top: 0px !important;}&#8220;][vc_single_image image=&#8220;14400&#8243; img_size=&#8220;full&#8220; alignment=&#8220;center&#8220; onclick=&#8220;custom_link&#8220; css=&#8220;&#8220; link=&#8220;https:\/\/portugal-fiberglass.com\/de\/produkt\/pool-rutsche-mini-slide-npg\/&#8220; parallax_scroll=&#8220;no&#8220; woodmart_inline=&#8220;no&#8220;][\/vc_column_inner][vc_column_inner width=&#8220;1\/2&#8243; css=&#8220;.vc_custom_1502454533190{padding-top: 0px !important;}&#8220;][vc_single_image image=&#8220;14401&#8243; img_size=&#8220;full&#8220; alignment=&#8220;center&#8220; onclick=&#8220;custom_link&#8220; css=&#8220;&#8220; link=&#8220;https:\/\/portugal-fiberglass.com\/de\/produkt\/pool-rutsche-mini-slide-npg\/&#8220; parallax_scroll=&#8220;no&#8220; woodmart_inline=&#8220;no&#8220;][\/vc_column_inner][\/vc_row_inner][\/vc_column][vc_column width=&#8220;1\/2&#8243; css=&#8220;.vc_custom_1723125472509{margin-bottom: 35px !important;padding-top: 0px !important;}&#8220; woodmart_css_id=&#8220;66b4cececab99&#8243; responsive_spacing=&#8220;eyJwYXJhbV90eXBlIjoid29vZG1hcnRfcmVzcG9uc2l2ZV9zcGFjaW5nIiwic2VsZWN0b3JfaWQiOiI2NmI0Y2VjZWNhYjk5Iiwic2hvcnRjb2RlIjoidmNfY29sdW1uIiwiZGF0YSI6eyJ0YWJsZXQiOnt9LCJtb2JpbGUiOnt9fX0=&#8220; parallax_scroll=&#8220;no&#8220; mobile_bg_img_hidden=&#8220;no&#8220; tablet_bg_img_hidden=&#8220;no&#8220; woodmart_parallax=&#8220;0&#8243; woodmart_sticky_column=&#8220;false&#8220; mobile_reset_margin=&#8220;no&#8220; tablet_reset_margin=&#8220;no&#8220; wd_collapsible_content_switcher=&#8220;no&#8220; wd_column_role_offcanvas_desktop=&#8220;no&#8220; wd_column_role_offcanvas_tablet=&#8220;no&#8220; wd_column_role_offcanvas_mobile=&#8220;no&#8220; wd_column_role_content_desktop=&#8220;no&#8220; wd_column_role_content_tablet=&#8220;no&#8220; wd_column_role_content_mobile=&#8220;no&#8220; woodmart_box_shadow=&#8220;no&#8220; wd_z_index=&#8220;no&#8220;]\t\t<div id=\"wd-66c4df2daf7ea\" class=\"wd-text-block wd-wpb reset-last-child wd-rs-66c4df2daf7ea text-left color-scheme-dark color-title wd-fontsize-custom font-primary vc_custom_1724178233354\">\n\t\t\t<p>F\u00fcr unsere Kleinen<br \/>\nRutsche <em><strong>Mini Slide NPG <\/strong><\/em><\/p>\n\t\t<\/div>\n\t\t\t\t<div id=\"wd-66c3b8600eebf\" class=\"wd-text-block wd-wpb reset-last-child wd-rs-66c3b8600eebf text-left wd-width-enabled color-scheme-dark wd-fontsize-custom vc_custom_1724102759161\" style=\"--wd-max-width: 80%;\">\n\t\t\t<p>Erleben Sie langanhaltenden Spa\u00df mit unserer Poolrutsche, hergestellt aus den gleichen hochwertigen Materialien wie unsere beliebten Liegen. Die hochglanzpolierte Oberfl\u00e4che, kombiniert mit rutschfesten Stufen und abgerundeten Kanten, schafft einen sicheren und spa\u00dfigen Spielbereich f\u00fcr Kinder, w\u00e4hrend Sie in der N\u00e4he entspannen.<\/p>\n\t\t<\/div>\n\t\t<div id=\"wd-66d4f5c97775d\" class=\" wd-rs-66d4f5c97775d  wd-button-wrapper text-center inline-element\"><a href=\"https:\/\/portugal-fiberglass.com\/de\/produkt\/pool-rutsche-mini-slide-npg\/\" title=\"\" class=\"btn btn-color-primary btn-style-default btn-shape-round btn-size-default\">Mehr entdecken<\/a><\/div><div id=\"wd-66d4f5ddaccfb\" class=\" wd-rs-66d4f5ddaccfb  wd-button-wrapper text-center inline-element\"><a href=\"https:\/\/portugal-fiberglass.com\/de\/wasserrutschen-fuer-kinder-mini-slide-npg-und-super-slide-npg\/\" title=\"\" class=\"btn btn-style-bordered btn-shape-round btn-size-default\">Pool-Rutschen<\/a><\/div>[\/vc_column][\/vc_row]<\/p>\n<\/div>","protected":false},"excerpt":{"rendered":"<p>Unsere 2019 eingef\u00fchrten <a style=\"font-weight: 500; color: #ff765a;\">Tagus 1147<\/a> Liegest\u00fchle verk\u00f6rpern unsere Hingabe zu erstklassiger Handwerkskunst und Design. Jedes St\u00fcck wird sorgf\u00e4ltig handgefertigt und besticht durch pr\u00e4zise Details und eine makellose Verarbeitung.<\/p>\n<p>Der Tagus 1147 verf\u00fcgt \u00fcber ein schlankes, zeitgem\u00e4\u00dfes Design mit eleganten Linien und ist vollst\u00e4ndig aus Glasfaser gefertigt, was ihn sowohl leicht als auch stapelbar macht. Perfekt f\u00fcr den Garten, den Hotelpool oder eine private Terrasse &#8211; dieser Liegestuhl wertet jede Umgebung mit einem Hauch von Raffinesse und Exklusivit\u00e4t auf.<\/p>\n<p>Er ist auch die ideale Wahl f\u00fcr all jene, die sowohl Stil als auch Komfort sch\u00e4tzen und bietet die perfekte Kulisse f\u00fcr unvergessliche Selfies.<\/p>\n<p>Ma\u00dfe: <strong>162 \u00d7 61 \u00d7 56 cm<\/strong> (L \u00d7 B \u00d7 H).<\/p>\n<p>F\u00fcr eine<a style=\"font-weight: 500; color: #ff765a;\" href=\"https:\/\/portugal-fiberglass.com\/en\/product\/in-pool-chaise-lounger-tagus-1147-npg\/\" target=\"_blank\" rel=\"noopener noreferrer\"><strong> Pool-Version <\/strong><\/a>finden Sie <a style=\"font-weight: 500; color: #ff765a;\" href=\"https:\/\/portugal-fiberglass.com\/en\/product\/in-pool-chaise-lounger-tagus-1147-npg\/\" target=\"_blank\" rel=\"noopener noreferrer\">hier<\/a> unsere spezielle NPG-Variante.<\/p>\n","protected":false},"featured_media":16453,"comment_status":"open","ping_status":"closed","template":"","meta":[],"product_brand":[],"product_cat":[337,338],"product_tag":[],"class_list":{"0":"post-14529","1":"product","2":"type-product","3":"status-publish","4":"has-post-thumbnail","6":"product_cat-liegestuhl","7":"product_cat-liegestuhl-fur-den-garten","8":"product_shipping_class-liegestuhle","10":"first","11":"instock","12":"taxable","13":"shipping-taxable","14":"purchasable","15":"product-type-simple"},"_links":{"self":[{"href":"https:\/\/portugal-fiberglass.com\/de\/wp-json\/wp\/v2\/product\/14529","targetHints":{"allow":["GET"]}}],"collection":[{"href":"https:\/\/portugal-fiberglass.com\/de\/wp-json\/wp\/v2\/product"}],"about":[{"href":"https:\/\/portugal-fiberglass.com\/de\/wp-json\/wp\/v2\/types\/product"}],"replies":[{"embeddable":true,"href":"https:\/\/portugal-fiberglass.com\/de\/wp-json\/wp\/v2\/comments?post=14529"}],"wp:featuredmedia":[{"embeddable":true,"href":"https:\/\/portugal-fiberglass.com\/de\/wp-json\/wp\/v2\/media\/16453"}],"wp:attachment":[{"href":"https:\/\/portugal-fiberglass.com\/de\/wp-json\/wp\/v2\/media?parent=14529"}],"wp:term":[{"taxonomy":"product_brand","embeddable":true,"href":"https:\/\/portugal-fiberglass.com\/de\/wp-json\/wp\/v2\/product_brand?post=14529"},{"taxonomy":"product_cat","embeddable":true,"href":"https:\/\/portugal-fiberglass.com\/de\/wp-json\/wp\/v2\/product_cat?post=14529"},{"taxonomy":"product_tag","embeddable":true,"href":"https:\/\/portugal-fiberglass.com\/de\/wp-json\/wp\/v2\/product_tag?post=14529"}],"curies":[{"name":"wp","href":"https:\/\/api.w.org\/{rel}","templated":true}]}}