{"id":1339,"date":"2020-02-07T00:05:00","date_gmt":"2020-02-06T23:05:00","guid":{"rendered":"https:\/\/portugal-fiberglass.com\/es-ES\/?post_type=product&#038;p=1339"},"modified":"2024-06-13T19:29:32","modified_gmt":"2024-06-13T17:29:32","slug":"tumbona-tagus-1147-para-jardin-terraza-balcon-porche-hotel-de-playa-o-piscina%e2%80%8e-espana-exterior","status":"publish","type":"product","link":"https:\/\/portugal-fiberglass.com\/es-ES\/producto\/tumbona-tagus-1147-para-jardin-terraza-balcon-porche-hotel-de-playa-o-piscina%e2%80%8e-espana-exterior\/","title":{"rendered":"Tumbona Tagus 1147 de Jard\u00edn Balc\u00f3n Hotel de Playa o Piscina\u200e"},"content":{"rendered":"<section class=\"wpb-content-wrapper\"><p>[vc_row][vc_column width=\u00bb1\/12&#8243;][\/vc_column][vc_column width=\u00bb10\/12&#8243;][vc_custom_heading text=\u00bbTumbona Tagus 1147 para Jard\u00edn Balc\u00f3n Hotel de Playa o Piscina\u200e \u2013 Fibra de Vidrio\u00bb font_container=\u00bbtag:h1|text_align:left\u00bb el_class=\u00bbhidden\u00bb][vc_custom_heading text=\u00bbTumbona Tagus 1147 para Jard\u00edn Balc\u00f3n Hotel de Playa o Piscina\u200e \u2013 Fibra de Vidrio para playa hecho a mano exclusivo Exterior en espa\u00f1a &#8211; El acompa\u00f1ante perfecto para el jard\u00edn, playa y piscina\u00bb el_class=\u00bbhidden\u00bb]<div id=\"la_carousel_125718235169f7786dd1c6c\" class=\"la-carousel-wrapper la_carousel_horizontal\" data-gutter=\"15\">\n    <div data-la_component=\"AutoCarousel\" class=\"js-el la-slick-slider\" data-slick_customPaging=\"&lt;span style=&quot;color:#ff765a;&quot;&gt;&lt;i class=&quot;fa fa-circle&quot;&gt;&lt;\/i&gt;&lt;\/span&gt;\" data-slider_config=\"{&quot;slidesToShow&quot;:1,&quot;slidesToScroll&quot;:1,&quot;dots&quot;:true,&quot;autoplaySpeed&quot;:5000,&quot;speed&quot;:300,&quot;infinite&quot;:false,&quot;arrows&quot;:true,&quot;nextArrow&quot;:&quot;&lt;button type=\\&quot;button\\&quot; style=\\&quot;color:#ff765a;font-size:24px;width:24px;height:24px;line-height:24px;\\&quot; class=\\&quot;slick-next default\\&quot;&gt;&lt;i class=\\&quot;fa fa-angle-right\\&quot;&gt;&lt;\\\/i&gt;&lt;\\\/button&gt;&quot;,&quot;prevArrow&quot;:&quot;&lt;button type=\\&quot;button\\&quot; style=\\&quot;color:#ff765a;font-size:24px;width:24px;height:24px;line-height:24px;\\&quot; class=\\&quot;slick-prev default\\&quot;&gt;&lt;i class=\\&quot;fa fa-angle-left\\&quot;&gt;&lt;\\\/i&gt;&lt;\\\/button&gt;&quot;,&quot;swipe&quot;:true,&quot;draggable&quot;:true,&quot;touchMove&quot;:true,&quot;pauseOnHover&quot;:false,&quot;responsive&quot;:[{&quot;breakpoint&quot;:1824,&quot;settings&quot;:{&quot;slidesToShow&quot;:1,&quot;slidesToScroll&quot;:1}},{&quot;breakpoint&quot;:1200,&quot;settings&quot;:{&quot;slidesToShow&quot;:1,&quot;slidesToScroll&quot;:1}},{&quot;breakpoint&quot;:992,&quot;settings&quot;:{&quot;slidesToShow&quot;:1,&quot;slidesToScroll&quot;:1}},{&quot;breakpoint&quot;:768,&quot;settings&quot;:{&quot;slidesToShow&quot;:1,&quot;slidesToScroll&quot;:1}},{&quot;breakpoint&quot;:576,&quot;settings&quot;:{&quot;slidesToShow&quot;:1,&quot;slidesToScroll&quot;:1}}],&quot;pauseOnDotsHover&quot;:true}\">\n        <div class=\"la-item-wrap\"><div\n    class=\"la_hotspot_sc js-el la-image-with-hotspots\"\n    data-la_component=\"HotSpotImages\"\n    data-style=\"color_pulse\"\n    data-hotspot-icon=\"plus_sign\"\n    data-size=\"medium\"\n    data-color=\"primary\"\n    data-tooltip-func=\"hover\"\n    data-tooltip_shadow=\"none\"\n    data-animation=\"\">\n    <div class=\"hotspot__inner\">\n        <img loading=\"lazy\" decoding=\"async\" width=\"1200\" height=\"800\" src=\"https:\/\/portugal-fiberglass.com\/es-ES\/wp-content\/uploads\/2020\/02\/1200x800-1-Tumbona-Tagus-1147-para-Playa-Piscina-Jard\u00edn-Terraza-Balc\u00f3n-Porche-Hotel-de-Playa-o-Piscina\u200e-Exterior-espana.jpg\" class=\"attachment-full size-full\" alt=\"1200-1-Tumbona-Tagus-1147-para-Playa-Piscina-Jard\u00edn-Terraza-Balc\u00f3n-Porche-Hotel-de-Playa-o-Piscina\u200e-Exterior-espana\" \/>    <\/div>\n<\/div><\/div><div class=\"la-item-wrap\"><div\n    class=\"la_hotspot_sc js-el la-image-with-hotspots\"\n    data-la_component=\"HotSpotImages\"\n    data-style=\"color_pulse\"\n    data-hotspot-icon=\"plus_sign\"\n    data-size=\"medium\"\n    data-color=\"primary\"\n    data-tooltip-func=\"hover\"\n    data-tooltip_shadow=\"none\"\n    data-animation=\"\">\n    <div class=\"hotspot__inner\">\n        <img loading=\"lazy\" decoding=\"async\" width=\"1200\" height=\"800\" src=\"https:\/\/portugal-fiberglass.com\/es-ES\/wp-content\/uploads\/2020\/02\/1200x800-3-Tumbona-Tagus-1147-para-Playa-Piscina-Jard\u00edn-Terraza-Balc\u00f3n-Porche-Hotel-de-Playa-o-Piscina\u200e-Exterior-espana.jpg\" class=\"attachment-full size-full\" alt=\"1200-3-Tumbona-Tagus-1147-para-Playa-Piscina-Jard\u00edn-Terraza-Balc\u00f3n-Porche-Hotel-de-Playa-o-Piscina\u200e-Exterior-espana\" \/>    <\/div>\n<\/div><\/div><div class=\"la-item-wrap\"><div\n    class=\"la_hotspot_sc js-el la-image-with-hotspots\"\n    data-la_component=\"HotSpotImages\"\n    data-style=\"color_pulse\"\n    data-hotspot-icon=\"plus_sign\"\n    data-size=\"medium\"\n    data-color=\"primary\"\n    data-tooltip-func=\"hover\"\n    data-tooltip_shadow=\"none\"\n    data-animation=\"\">\n    <div class=\"hotspot__inner\">\n        <img loading=\"lazy\" decoding=\"async\" width=\"1200\" height=\"800\" src=\"https:\/\/portugal-fiberglass.com\/es-ES\/wp-content\/uploads\/2020\/02\/1200x800-11-Tumbona-Tagus-1147-para-Playa-Piscina-Jard\u00edn-Terraza-Balc\u00f3n-Porche-Hotel-de-Playa-o-Piscina\u200e-Exterior-espan.jpg\" class=\"attachment-full size-full\" alt=\"\" \/>    <\/div>\n<\/div><\/div><div class=\"la-item-wrap\"><div\n    class=\"la_hotspot_sc js-el la-image-with-hotspots\"\n    data-la_component=\"HotSpotImages\"\n    data-style=\"color_pulse\"\n    data-hotspot-icon=\"plus_sign\"\n    data-size=\"medium\"\n    data-color=\"primary\"\n    data-tooltip-func=\"hover\"\n    data-tooltip_shadow=\"none\"\n    data-animation=\"\">\n    <div class=\"hotspot__inner\">\n        <img loading=\"lazy\" decoding=\"async\" width=\"1200\" height=\"800\" src=\"https:\/\/portugal-fiberglass.com\/es-ES\/wp-content\/uploads\/2020\/02\/1200x800-10-Tumbona-Tagus-1147-para-Playa-Piscina-Jard\u00edn-Terraza-Balc\u00f3n-Porche-Hotel-de-Playa-o-Piscina\u200e-Exterior-espan.jpg\" class=\"attachment-full size-full\" alt=\"1200-10-Tumbona-Tagus-1147-para-Playa-Piscina-Jard\u00edn-Terraza-Balc\u00f3n-Porche-Hotel-de-Playa-o-Piscina\u200e-Exterior-espan\" \/>    <\/div>\n<\/div><\/div><div class=\"la-item-wrap\"><div\n    class=\"la_hotspot_sc js-el la-image-with-hotspots\"\n    data-la_component=\"HotSpotImages\"\n    data-style=\"color_pulse\"\n    data-hotspot-icon=\"plus_sign\"\n    data-size=\"medium\"\n    data-color=\"primary\"\n    data-tooltip-func=\"hover\"\n    data-tooltip_shadow=\"none\"\n    data-animation=\"\">\n    <div class=\"hotspot__inner\">\n        <img loading=\"lazy\" decoding=\"async\" width=\"1200\" height=\"800\" src=\"https:\/\/portugal-fiberglass.com\/es-ES\/wp-content\/uploads\/2020\/02\/1200x800-2-Tumbona-Tagus-1147-para-Playa-Piscina-Jard\u00edn-Terraza-Balc\u00f3n-Porche-Hotel-de-Playa-o-Piscina\u200e-Exterior-espana.jpg\" class=\"attachment-full size-full\" alt=\"\" \/>    <\/div>\n<\/div><\/div><div class=\"la-item-wrap\"><div\n    class=\"la_hotspot_sc js-el la-image-with-hotspots\"\n    data-la_component=\"HotSpotImages\"\n    data-style=\"color_pulse\"\n    data-hotspot-icon=\"plus_sign\"\n    data-size=\"medium\"\n    data-color=\"primary\"\n    data-tooltip-func=\"hover\"\n    data-tooltip_shadow=\"none\"\n    data-animation=\"\">\n    <div class=\"hotspot__inner\">\n        <img loading=\"lazy\" decoding=\"async\" width=\"1200\" height=\"800\" src=\"https:\/\/portugal-fiberglass.com\/es-ES\/wp-content\/uploads\/2020\/02\/1200x800-4-Tumbona-Tagus-1147-para-Playa-Piscina-Jard\u00edn-Terraza-Balc\u00f3n-Porche-Hotel-de-Playa-o-Piscina\u200e-Exterior-espana.jpg\" class=\"attachment-full size-full\" alt=\"1200-4-Tumbona-Tagus-1147-para-Playa-Piscina-Jard\u00edn-Terraza-Balc\u00f3n-Porche-Hotel-de-Playa-o-Piscina\u200e-Exterior-espana\" \/>    <\/div>\n<\/div><\/div><div class=\"la-item-wrap\"><div\n    class=\"la_hotspot_sc js-el la-image-with-hotspots\"\n    data-la_component=\"HotSpotImages\"\n    data-style=\"color_pulse\"\n    data-hotspot-icon=\"plus_sign\"\n    data-size=\"medium\"\n    data-color=\"primary\"\n    data-tooltip-func=\"hover\"\n    data-tooltip_shadow=\"none\"\n    data-animation=\"\">\n    <div class=\"hotspot__inner\">\n        <img loading=\"lazy\" decoding=\"async\" width=\"1200\" height=\"800\" src=\"https:\/\/portugal-fiberglass.com\/es-ES\/wp-content\/uploads\/2020\/02\/1200x800-5-Tumbona-Tagus-1147-para-Playa-Piscina-Jard\u00edn-Terraza-Balc\u00f3n-Porche-Hotel-de-Playa-o-Piscina\u200e-Exterior-espana.jpg\" class=\"attachment-full size-full\" alt=\"1200-5-Tumbona-Tagus-1147-para-Playa-Piscina-Jard\u00edn-Terraza-Balc\u00f3n-Porche-Hotel-de-Playa-o-Piscina\u200e-Exterior-espana\" \/>    <\/div>\n<\/div><\/div><div class=\"la-item-wrap\"><div\n    class=\"la_hotspot_sc js-el la-image-with-hotspots\"\n    data-la_component=\"HotSpotImages\"\n    data-style=\"color_pulse\"\n    data-hotspot-icon=\"plus_sign\"\n    data-size=\"medium\"\n    data-color=\"primary\"\n    data-tooltip-func=\"hover\"\n    data-tooltip_shadow=\"none\"\n    data-animation=\"\">\n    <div class=\"hotspot__inner\">\n        <img loading=\"lazy\" decoding=\"async\" width=\"1200\" height=\"800\" src=\"https:\/\/portugal-fiberglass.com\/es-ES\/wp-content\/uploads\/2020\/02\/1200x800-6-Tumbona-Tagus-1147-para-Playa-Piscina-Jard\u00edn-Terraza-Balc\u00f3n-Porche-Hotel-de-Playa-o-Piscina\u200e-Exterior-espana.jpg\" class=\"attachment-full size-full\" alt=\"1200-6-Tumbona-Tagus-1147-para-Playa-Piscina-Jard\u00edn-Terraza-Balc\u00f3n-Porche-Hotel-de-Playa-o-Piscina\u200e-Exterior-espana\" \/>    <\/div>\n<\/div><\/div><div class=\"la-item-wrap\"><div\n    class=\"la_hotspot_sc js-el la-image-with-hotspots\"\n    data-la_component=\"HotSpotImages\"\n    data-style=\"color_pulse\"\n    data-hotspot-icon=\"plus_sign\"\n    data-size=\"medium\"\n    data-color=\"primary\"\n    data-tooltip-func=\"hover\"\n    data-tooltip_shadow=\"none\"\n    data-animation=\"\">\n    <div class=\"hotspot__inner\">\n        <img loading=\"lazy\" decoding=\"async\" width=\"1200\" height=\"800\" src=\"https:\/\/portugal-fiberglass.com\/es-ES\/wp-content\/uploads\/2020\/02\/1200x800-7-Tumbona-Tagus-1147-para-Playa-Piscina-Jard\u00edn-Terraza-Balc\u00f3n-Porche-Hotel-de-Playa-o-Piscina\u200e-Exterior-espana.jpg\" class=\"attachment-full size-full\" alt=\"1200-7-Tumbona-Tagus-1147-para-Playa-Piscina-Jard\u00edn-Terraza-Balc\u00f3n-Porche-Hotel-de-Playa-o-Piscina\u200e-Exterior-espana\" \/>    <\/div>\n<\/div><\/div><div class=\"la-item-wrap\"><div\n    class=\"la_hotspot_sc js-el la-image-with-hotspots\"\n    data-la_component=\"HotSpotImages\"\n    data-style=\"color_pulse\"\n    data-hotspot-icon=\"plus_sign\"\n    data-size=\"medium\"\n    data-color=\"primary\"\n    data-tooltip-func=\"hover\"\n    data-tooltip_shadow=\"none\"\n    data-animation=\"\">\n    <div class=\"hotspot__inner\">\n        <img loading=\"lazy\" decoding=\"async\" width=\"1200\" height=\"800\" src=\"https:\/\/portugal-fiberglass.com\/es-ES\/wp-content\/uploads\/2020\/02\/1200x800-8-Tumbona-Tagus-1147-para-Playa-Piscina-Jard\u00edn-Terraza-Balc\u00f3n-Porche-Hotel-de-Playa-o-Piscina\u200e-Exterior-espana.jpg\" class=\"attachment-full size-full\" alt=\"1200-8-Tumbona-Tagus-1147-para-Playa-Piscina-Jard\u00edn-Terraza-Balc\u00f3n-Porche-Hotel-de-Playa-o-Piscina\u200e-Exterior-espan\" \/>    <\/div>\n<\/div><\/div><div class=\"la-item-wrap\"><div\n    class=\"la_hotspot_sc js-el la-image-with-hotspots\"\n    data-la_component=\"HotSpotImages\"\n    data-style=\"color_pulse\"\n    data-hotspot-icon=\"plus_sign\"\n    data-size=\"medium\"\n    data-color=\"primary\"\n    data-tooltip-func=\"hover\"\n    data-tooltip_shadow=\"none\"\n    data-animation=\"\">\n    <div class=\"hotspot__inner\">\n        <img loading=\"lazy\" decoding=\"async\" width=\"1200\" height=\"800\" src=\"https:\/\/portugal-fiberglass.com\/es-ES\/wp-content\/uploads\/2020\/02\/1200x800-tumbona-piscina-jardin-tagus-1147-medidas.jpg\" class=\"attachment-full size-full\" alt=\"1200x800-tumbona-piscina-jardin-tagus-1147-medidas-dimensiones\" \/>    <\/div>\n<\/div><\/div><div class=\"la-item-wrap\"><div\n    class=\"la_hotspot_sc js-el la-image-with-hotspots\"\n    data-la_component=\"HotSpotImages\"\n    data-style=\"color_pulse\"\n    data-hotspot-icon=\"plus_sign\"\n    data-size=\"medium\"\n    data-color=\"primary\"\n    data-tooltip-func=\"hover\"\n    data-tooltip_shadow=\"none\"\n    data-animation=\"\">\n    <div class=\"hotspot__inner\">\n        <img loading=\"lazy\" decoding=\"async\" width=\"1200\" height=\"800\" src=\"https:\/\/portugal-fiberglass.com\/es-ES\/wp-content\/uploads\/2020\/02\/1200x800-13-Tumbona-Tagus-1147-para-Playa-Piscina-Jard\u00edn-Terraza-Balc\u00f3n-Porche-Hotel-de-Playa-o-Piscina\u200e-Exterior-espan.jpg\" class=\"attachment-full size-full\" alt=\"\" \/>    <\/div>\n<\/div><\/div><div class=\"la-item-wrap\"><div\n    class=\"la_hotspot_sc js-el la-image-with-hotspots\"\n    data-la_component=\"HotSpotImages\"\n    data-style=\"color_pulse\"\n    data-hotspot-icon=\"plus_sign\"\n    data-size=\"medium\"\n    data-color=\"primary\"\n    data-tooltip-func=\"hover\"\n    data-tooltip_shadow=\"none\"\n    data-animation=\"\">\n    <div class=\"hotspot__inner\">\n        <img loading=\"lazy\" decoding=\"async\" width=\"1200\" height=\"800\" src=\"https:\/\/portugal-fiberglass.com\/es-ES\/wp-content\/uploads\/2020\/02\/1200x800-12-Tumbona-Tagus-1147-para-Playa-Piscina-Jard\u00edn-Terraza-Balc\u00f3n-Porche-Hotel-de-Playa-o-Piscina\u200e-Exterior-espan.jpg\" class=\"attachment-full size-full\" alt=\"1200-12-Tumbona-Tagus-1147-para-Playa-Piscina-Jard\u00edn-Terraza-Balc\u00f3n-Porche-Hotel-de-Playa-o-Piscina\u200e-Exterior-espan\" \/>    <\/div>\n<\/div><\/div><div class=\"la-item-wrap\"><div\n    class=\"la_hotspot_sc js-el la-image-with-hotspots\"\n    data-la_component=\"HotSpotImages\"\n    data-style=\"color_pulse\"\n    data-hotspot-icon=\"plus_sign\"\n    data-size=\"medium\"\n    data-color=\"primary\"\n    data-tooltip-func=\"hover\"\n    data-tooltip_shadow=\"none\"\n    data-animation=\"\">\n    <div class=\"hotspot__inner\">\n        <img loading=\"lazy\" decoding=\"async\" width=\"1200\" height=\"800\" src=\"https:\/\/portugal-fiberglass.com\/es-ES\/wp-content\/uploads\/2020\/02\/1200x800-14-Tumbona-Tagus-1147-para-Playa-Piscina-Jard\u00edn-Terraza-Balc\u00f3n-Porche-Hotel-de-Playa-o-Piscina\u200e-Exterior-espan.jpg\" class=\"attachment-full size-full\" alt=\"1200 14-Tumbona-Tagus-1147-para-Playa-Piscina-Jard\u00edn-Terraza-Balc\u00f3n-Porche-Hotel-de-Playa-o-Piscina\u200e-Exterior-espan\" \/>    <\/div>\n<\/div><\/div><div class=\"la-item-wrap\"><div\n    class=\"la_hotspot_sc js-el la-image-with-hotspots\"\n    data-la_component=\"HotSpotImages\"\n    data-style=\"color_pulse\"\n    data-hotspot-icon=\"plus_sign\"\n    data-size=\"medium\"\n    data-color=\"primary\"\n    data-tooltip-func=\"hover\"\n    data-tooltip_shadow=\"none\"\n    data-animation=\"\">\n    <div class=\"hotspot__inner\">\n        <img loading=\"lazy\" decoding=\"async\" width=\"1200\" height=\"800\" src=\"https:\/\/portugal-fiberglass.com\/es-ES\/wp-content\/uploads\/2020\/02\/1200x800-15-Tumbona-Tagus-1147-para-Playa-Piscina-Jard\u00edn-Terraza-Balc\u00f3n-Porche-Hotel-de-Playa-o-Piscina\u200e-Exterior-espan.jpg\" class=\"attachment-full size-full\" alt=\"1200-15-Tumbona-Tagus-1147-para-Playa-Piscina-Jard\u00edn-Terraza-Balc\u00f3n-Porche-Hotel-de-Playa-o-Piscina\u200e-Exterior-espan\" \/>    <\/div>\n<\/div><\/div>    <\/div>\n<\/div><style data-la_component=\"InsertCustomCSS\">\n    #la_carousel_125718235169f7786dd1c6c{\n        margin-left: -15px;\n        margin-right: -15px;\n    }\n    #la_carousel_125718235169f7786dd1c6c .la-item-wrap.slick-slide{\n        padding-left: 15px;\n        padding-right: 15px;\n    }\n<\/style>\n<div id=\"la_divider69f7786dd3e70\" class=\"js-el la-divider la-unit-responsive\" data-la_component=\"UnitResponsive\"  data-el_target='#la_divider69f7786dd3e70'  data-el_media_sizes='{&quot;padding-top&quot;:&quot;xlg:100px;lg:80px;md:50px;&quot;}' ><\/div>\n[\/vc_column][vc_column width=\u00bb1\/12&#8243;][\/vc_column][\/vc_row][vc_row][vc_column width=\u00bb1\/12&#8243;][\/vc_column][vc_column width=\u00bb3\/12&#8243;][vc_single_image image=\u00bb1315&#8243; img_size=\u00bbfull\u00bb alignment=\u00bbcenter\u00bb][\/vc_column][vc_column width=\u00bb4\/12&#8243;][vc_single_image image=\u00bb1317&#8243; img_size=\u00bbfull\u00bb alignment=\u00bbcenter\u00bb][\/vc_column][vc_column width=\u00bb3\/12&#8243;][vc_single_image image=\u00bb1316&#8243; img_size=\u00bbfull\u00bb alignment=\u00bbcenter\u00bb][\/vc_column][vc_column width=\u00bb1\/12&#8243;][\/vc_column][\/vc_row][vc_row][vc_column width=\u00bb1\/12&#8243;][\/vc_column][vc_column width=\u00bb3\/12&#8243;]<div id=\"la_icon_boxes_69f7786dd405b\" class=\"la-sc-icon-boxes wpb_content_element icon-type-img icon-pos-right icon-style-simple ib-link-none\">\n    <div class=\"icon-boxes-inner\"><div class=\"box-contents\"><div class=\"box-heading\"><div class=\"h5 js-el la-unit-responsive icon-heading\" style=\"\" >Fibra de Vidrio<\/div><\/div><div class=\"js-el la-unit-responsive box-description\" style=\"\" ><p>Monobloque hecho completamente de <strong>fibra de vidrio<\/strong><\/p>\n<\/div><\/div><div class=\"box-icon-right\"><div class=\"box-icon-inner type-img\"><div class=\"wrap-icon\"><div class=\"box-icon box-icon-style-simple\"><span><img loading=\"lazy\" decoding=\"async\" width=\"48\" height=\"48\" src=\"https:\/\/portugal-fiberglass.com\/es-ES\/wp-content\/uploads\/2020\/02\/fiberglass-icon-portugal-fiberglass.png\" class=\"attachment-full size-full\" alt=\"icon fibra de vidrio portugal fiberglass\" \/><\/span><\/div><\/div><\/div><\/div><\/div>\n<\/div>\n<style data-la_component=\"InsertCustomCSS\">#la_icon_boxes_69f7786dd405b.la-sc-icon-boxes .wrap-icon .box-icon span{line-height:48px;font-size:48px;width:48px;height:48px;color:#0a0a0a}#la_icon_boxes_69f7786dd405b.icon-type-normal:hover .wrap-icon .box-icon span{color:#0a0a0a}<\/style>\n        <div id=\"la_icon_boxes_69f7786dd43d1\" class=\"la-sc-icon-boxes wpb_content_element icon-type-img icon-pos-right icon-style-simple ib-link-none\">\n    <div class=\"icon-boxes-inner\"><div class=\"box-contents\"><div class=\"box-heading\"><div class=\"h5 js-el la-unit-responsive icon-heading\" style=\"\" >Muy Leve<\/div><\/div><div class=\"js-el la-unit-responsive box-description\" style=\"\" ><p>Con solo <strong>9 Kg <\/strong>se puede mover f\u00e1cilmente<\/p>\n<\/div><\/div><div class=\"box-icon-right\"><div class=\"box-icon-inner type-img\"><div class=\"wrap-icon\"><div class=\"box-icon box-icon-style-simple\"><span><img loading=\"lazy\" decoding=\"async\" width=\"48\" height=\"48\" src=\"https:\/\/portugal-fiberglass.com\/es-ES\/wp-content\/uploads\/2020\/02\/weight-icon-portugal-fiberglass.png\" class=\"attachment-full size-full\" alt=\"peso lavadero\" \/><\/span><\/div><\/div><\/div><\/div><\/div>\n<\/div>\n<style data-la_component=\"InsertCustomCSS\">#la_icon_boxes_69f7786dd43d1.la-sc-icon-boxes .wrap-icon .box-icon span{line-height:48px;font-size:48px;width:48px;height:48px;color:#0a0a0a}#la_icon_boxes_69f7786dd43d1.icon-type-normal:hover .wrap-icon .box-icon span{color:#0a0a0a}<\/style>\n        <div id=\"la_icon_boxes_69f7786dd4719\" class=\"la-sc-icon-boxes wpb_content_element icon-type-img icon-pos-right icon-style-simple ib-link-none\">\n    <div class=\"icon-boxes-inner\"><div class=\"box-contents\"><div class=\"box-heading\"><div class=\"h5 js-el la-unit-responsive icon-heading\" style=\"\" >Temperatura<\/div><\/div><div class=\"js-el la-unit-responsive box-description\" style=\"\" ><p>Resistente a la exposici\u00f3n intensa al sol y al fr\u00edo. Apto para exteriores<\/p>\n<\/div><\/div><div class=\"box-icon-right\"><div class=\"box-icon-inner type-img\"><div class=\"wrap-icon\"><div class=\"box-icon box-icon-style-simple\"><span><img loading=\"lazy\" decoding=\"async\" width=\"48\" height=\"48\" src=\"https:\/\/portugal-fiberglass.com\/es-ES\/wp-content\/uploads\/2020\/02\/temperature-icon-portugal-fiberglass.png\" class=\"attachment-full size-full\" alt=\"resistente temperatura\" \/><\/span><\/div><\/div><\/div><\/div><\/div>\n<\/div>\n<style data-la_component=\"InsertCustomCSS\">#la_icon_boxes_69f7786dd4719.la-sc-icon-boxes .wrap-icon .box-icon span{line-height:48px;font-size:48px;width:48px;height:48px;color:#0a0a0a}#la_icon_boxes_69f7786dd4719.icon-type-normal:hover .wrap-icon .box-icon span{color:#0a0a0a}<\/style>\n        <div id=\"la_icon_boxes_69f7786dd4a63\" class=\"la-sc-icon-boxes wpb_content_element icon-type-img icon-pos-right icon-style-simple ib-link-none\">\n    <div class=\"icon-boxes-inner\"><div class=\"box-contents\"><div class=\"box-heading\"><div class=\"h5 js-el la-unit-responsive icon-heading\" style=\"\" >Garant\u00eda<\/div><\/div><div class=\"js-el la-unit-responsive box-description\" style=\"\" ><p>Todos nuestros productos tienen al menos 2 a\u00f1os<\/p>\n<\/div><\/div><div class=\"box-icon-right\"><div class=\"box-icon-inner type-img\"><div class=\"wrap-icon\"><div class=\"box-icon box-icon-style-simple\"><span><img loading=\"lazy\" decoding=\"async\" width=\"48\" height=\"48\" src=\"https:\/\/portugal-fiberglass.com\/es-ES\/wp-content\/uploads\/2020\/02\/warranty-portugal-fiberglass.png\" class=\"attachment-full size-full\" alt=\"garantia portugal fiberglass\" \/><\/span><\/div><\/div><\/div><\/div><\/div>\n<\/div>\n<style data-la_component=\"InsertCustomCSS\">#la_icon_boxes_69f7786dd4a63.la-sc-icon-boxes .wrap-icon .box-icon span{line-height:48px;font-size:48px;width:48px;height:48px;color:#0a0a0a}#la_icon_boxes_69f7786dd4a63.icon-type-normal:hover .wrap-icon .box-icon span{color:#0a0a0a}<\/style>\n        <div id=\"la_icon_boxes_69f7786dd4d92\" class=\"la-sc-icon-boxes wpb_content_element icon-type-img icon-pos-right icon-style-simple ib-link-none\">\n    <div class=\"icon-boxes-inner\"><div class=\"box-contents\"><div class=\"box-heading\"><div class=\"h5 js-el la-unit-responsive icon-heading\" style=\"\" >Piscina<\/div><\/div><div class=\"js-el la-unit-responsive box-description\" style=\"\" ><p>Ideal para estar juntos de la piscina<\/p>\n<\/div><\/div><div class=\"box-icon-right\"><div class=\"box-icon-inner type-img\"><div class=\"wrap-icon\"><div class=\"box-icon box-icon-style-simple\"><span><img loading=\"lazy\" decoding=\"async\" width=\"48\" height=\"48\" src=\"https:\/\/portugal-fiberglass.com\/es-ES\/wp-content\/uploads\/2020\/02\/swim-icon-portugal-fiberglass.png\" class=\"attachment-full size-full\" alt=\"icon piscina\" \/><\/span><\/div><\/div><\/div><\/div><\/div>\n<\/div>\n<style data-la_component=\"InsertCustomCSS\">#la_icon_boxes_69f7786dd4d92.la-sc-icon-boxes .wrap-icon .box-icon span{line-height:48px;font-size:48px;width:48px;height:48px;color:#0a0a0a}#la_icon_boxes_69f7786dd4d92.icon-type-normal:hover .wrap-icon .box-icon span{color:#0a0a0a}<\/style>\n        [\/vc_column][vc_column width=\u00bb4\/12&#8243;][vc_single_image image=\u00bb1294&#8243; img_size=\u00bbfull\u00bb alignment=\u00bbcenter\u00bb][vc_single_image image=\u00bb1953&#8243; img_size=\u00bbfull\u00bb alignment=\u00bbcenter\u00bb][\/vc_column][vc_column width=\u00bb3\/12&#8243;]<div id=\"la_icon_boxes_69f7786dd50bb\" class=\"la-sc-icon-boxes wpb_content_element icon-type-img icon-pos-left icon-style-simple ib-link-none\">\n    <div class=\"icon-boxes-inner\"><div class=\"box-icon-left\"><div class=\"box-icon-inner type-img\"><div class=\"wrap-icon\"><div class=\"box-icon box-icon-style-simple\"><span><img loading=\"lazy\" decoding=\"async\" width=\"48\" height=\"48\" src=\"https:\/\/portugal-fiberglass.com\/es-ES\/wp-content\/uploads\/2020\/02\/durability-icon-portugal-fiberglass.png\" class=\"attachment-full size-full\" alt=\"icon durar lavadero fibra de vidrio\" \/><\/span><\/div><\/div><\/div><\/div><div class=\"box-contents\"><div class=\"box-heading\"><div class=\"h5 js-el la-unit-responsive icon-heading\" style=\"\" >Durabilidad<\/div><\/div><div class=\"js-el la-unit-responsive box-description\" style=\"\" ><p>Construido para durar. <strong>Apto para exteriores<\/strong><\/p>\n<\/div><\/div><\/div>\n<\/div>\n<style data-la_component=\"InsertCustomCSS\">#la_icon_boxes_69f7786dd50bb.la-sc-icon-boxes .wrap-icon .box-icon span{line-height:48px;font-size:48px;width:48px;height:48px;color:#0a0a0a}#la_icon_boxes_69f7786dd50bb.icon-type-normal:hover .wrap-icon .box-icon span{color:#0a0a0a}<\/style>\n        <div id=\"la_icon_boxes_69f7786dd53f3\" class=\"la-sc-icon-boxes wpb_content_element icon-type-img icon-pos-left icon-style-simple ib-link-none\">\n    <div class=\"icon-boxes-inner\"><div class=\"box-icon-left\"><div class=\"box-icon-inner type-img\"><div class=\"wrap-icon\"><div class=\"box-icon box-icon-style-simple\"><span><img loading=\"lazy\" decoding=\"async\" width=\"48\" height=\"48\" src=\"https:\/\/portugal-fiberglass.com\/es-ES\/wp-content\/uploads\/2020\/02\/empilhar-espreguicadeira-stack-up-iconography-portugal-fiberglass.png\" class=\"attachment-full size-full\" alt=\"\" \/><\/span><\/div><\/div><\/div><\/div><div class=\"box-contents\"><div class=\"box-heading\"><div class=\"h5 js-el la-unit-responsive icon-heading\" style=\"\" >F\u00e1cil de apilar<\/div><\/div><div class=\"js-el la-unit-responsive box-description\" style=\"\" ><p>Simple y f\u00e1cil de apilar, se ajustan perfectamente.<\/p>\n<\/div><\/div><\/div>\n<\/div>\n<style data-la_component=\"InsertCustomCSS\">#la_icon_boxes_69f7786dd53f3.la-sc-icon-boxes .wrap-icon .box-icon span{line-height:48px;font-size:48px;width:48px;height:48px;color:#0a0a0a}#la_icon_boxes_69f7786dd53f3.icon-type-normal:hover .wrap-icon .box-icon span{color:#0a0a0a}<\/style>\n        <div id=\"la_icon_boxes_69f7786dd5776\" class=\"la-sc-icon-boxes wpb_content_element icon-type-img icon-pos-left icon-style-simple ib-link-none\">\n    <div class=\"icon-boxes-inner\"><div class=\"box-icon-left\"><div class=\"box-icon-inner type-img\"><div class=\"wrap-icon\"><div class=\"box-icon box-icon-style-simple\"><span><img loading=\"lazy\" decoding=\"async\" width=\"48\" height=\"48\" src=\"https:\/\/portugal-fiberglass.com\/es-ES\/wp-content\/uploads\/2020\/02\/hygienic-icon-portugal-fiberglass-1.png\" class=\"attachment-full size-full\" alt=\"icon S\u00faper higi\u00e9nico\" \/><\/span><\/div><\/div><\/div><\/div><div class=\"box-contents\"><div class=\"box-heading\"><div class=\"h5 js-el la-unit-responsive icon-heading\" style=\"\" >S\u00faper Higi\u00e9nico<\/div><\/div><div class=\"js-el la-unit-responsive box-description\" style=\"\" ><p>Protecci\u00f3n contra lodos u otros microorganismos. Antimicrobiano<\/p>\n<\/div><\/div><\/div>\n<\/div>\n<style data-la_component=\"InsertCustomCSS\">#la_icon_boxes_69f7786dd5776.la-sc-icon-boxes .wrap-icon .box-icon span{line-height:48px;font-size:48px;width:48px;height:48px;color:#0a0a0a}#la_icon_boxes_69f7786dd5776.icon-type-normal:hover .wrap-icon .box-icon span{color:#0a0a0a}<\/style>\n        <div id=\"la_icon_boxes_69f7786dd5b10\" class=\"la-sc-icon-boxes wpb_content_element icon-type-img icon-pos-left icon-style-simple ib-link-none\">\n    <div class=\"icon-boxes-inner\"><div class=\"box-icon-left\"><div class=\"box-icon-inner type-img\"><div class=\"wrap-icon\"><div class=\"box-icon box-icon-style-simple\"><span><img loading=\"lazy\" decoding=\"async\" width=\"48\" height=\"48\" src=\"https:\/\/portugal-fiberglass.com\/es-ES\/wp-content\/uploads\/2020\/02\/quality-icon-portugal-fiberglass.png\" class=\"attachment-full size-full\" alt=\"icon Calidad\" \/><\/span><\/div><\/div><\/div><\/div><div class=\"box-contents\"><div class=\"box-heading\"><div class=\"h5 js-el la-unit-responsive icon-heading\" style=\"\" >Calidad<\/div><\/div><div class=\"js-el la-unit-responsive box-description\" style=\"\" ><p><strong>Materiales nacionales<\/strong> certificados por la UE<\/p>\n<\/div><\/div><\/div>\n<\/div>\n<style data-la_component=\"InsertCustomCSS\">#la_icon_boxes_69f7786dd5b10.la-sc-icon-boxes .wrap-icon .box-icon span{line-height:48px;font-size:48px;width:48px;height:48px;color:#0a0a0a}#la_icon_boxes_69f7786dd5b10.icon-type-normal:hover .wrap-icon .box-icon span{color:#0a0a0a}<\/style>\n        <div id=\"la_icon_boxes_69f7786dd5e83\" class=\"la-sc-icon-boxes wpb_content_element icon-type-img icon-pos-left icon-style-simple ib-link-none\">\n    <div class=\"icon-boxes-inner\"><div class=\"box-icon-left\"><div class=\"box-icon-inner type-img\"><div class=\"wrap-icon\"><div class=\"box-icon box-icon-style-simple\"><span><img loading=\"lazy\" decoding=\"async\" width=\"48\" height=\"48\" src=\"https:\/\/portugal-fiberglass.com\/es-ES\/wp-content\/uploads\/2020\/02\/color-icon-v1-portugal-fiberglass.png\" class=\"attachment-full size-full\" alt=\"icon color\" \/><\/span><\/div><\/div><\/div><\/div><div class=\"box-contents\"><div class=\"box-heading\"><div class=\"h5 js-el la-unit-responsive icon-heading\" style=\"\" >Color<\/div><\/div><div class=\"js-el la-unit-responsive box-description\" style=\"\" ><p>Puede solicitar un color personalizado. Est\u00e1ndar <strong>blanco<\/strong><\/p>\n<\/div><\/div><\/div>\n<\/div>\n<style data-la_component=\"InsertCustomCSS\">#la_icon_boxes_69f7786dd5e83.la-sc-icon-boxes .wrap-icon .box-icon span{line-height:48px;font-size:48px;width:48px;height:48px;color:#0a0a0a}#la_icon_boxes_69f7786dd5e83.icon-type-normal:hover .wrap-icon .box-icon span{color:#0a0a0a}<\/style>\n        [\/vc_column][vc_column width=\u00bb1\/12&#8243;][\/vc_column][\/vc_row][vc_row][vc_column]<div id=\"la_divider69f7786dd60c8\" class=\"js-el la-divider la-unit-responsive\" data-la_component=\"UnitResponsive\"  data-el_target='#la_divider69f7786dd60c8'  data-el_media_sizes='{&quot;padding-top&quot;:&quot;xlg:100px;lg:80px;md:50px;&quot;}' ><\/div>\n[\/vc_column][\/vc_row][vc_row][vc_column width=\u00bb1\/4&#8243;][\/vc_column][vc_column width=\u00bb1\/2&#8243;][vc_tta_accordion style=\u00bbla-3&#8243; c_align=\u00bbcenter\u00bb active_section=\u00bb0&#8243; collapsible_all=\u00bbtrue\u00bb][vc_tta_section title=\u00bb\u00bfCu\u00e1l es la diferencia entre Tagus 1147 y la versi\u00f3n especial NPG?\u00bb tab_id=\u00bbcual-la-diferencia-Tagus-1147-version-especial-NPG9a83-22aa\u00bb][vc_column_text]La diferencia entre nuestra tumbona <a style=\"font-weight: 500; color: #ff765a;\" href=\"https:\/\/portugal-fiberglass.com\/es-ES\/producto\/tumbona-de-jardin-tagus-1147-fibra-de-vidrio-espana-exterior\/\">Tagus 1147<\/a> y la <a style=\"font-weight: 900; color: #ff765a;\" href=\"https:\/\/portugal-fiberglass.com\/es-ES\/producto\/tumbona-de-piscina-tagus-1147-fibra-de-vidrio-npg\/\">versi\u00f3n especial NPG<\/a> est\u00e1 en la preparaci\u00f3n y el acabado.<\/p>\n<p>La versi\u00f3n NPG est\u00e1 preparada para estar constantemente en agua, independientemente de que est\u00e9 en contacto con cloro o sal. El <em>gelcoat <\/em>es el mismo que se utiliza en la producci\u00f3n de yates. Da una resistencia mucho mayor a la intemperie.[\/vc_column_text][\/vc_tta_section][vc_tta_section title=\u00bb\u00bfPuede la tumbona Tagus 1147 estar dentro de la piscina?\u00bb tab_id=\u00bbpuede-tumbona-tagus-1147-estar-dentro-piscina9a83-22aa\u00bb][vc_column_text]Si desea colocar nuestras tumbonas en el agua, debe elegir <a style=\"font-weight: 900; color: #ff765a;\" href=\"https:\/\/portugal-fiberglass.com\/es-ES\/producto\/tumbona-de-piscina-tagus-1147-fibra-de-vidrio-npg\/\">edici\u00f3n especial NPG<\/a>.<\/p>\n<p>Si eliges la opci\u00f3n Tagus 1147, sin NPG, deber\u00e1s retirar las tumbonas de la piscina o del mar a las pocas horas y lavarlas.<\/p>\n<p><a style=\"font-weight: 900; color: #ff765a;\" href=\"https:\/\/portugal-fiberglass.com\/es-ES\/producto\/tumbona-de-piscina-tagus-1147-fibra-de-vidrio-npg\/\">La versi\u00f3n especial NPG<\/a> est\u00e1 preparada para estar constantemente en agua, independientemente de que est\u00e9 en contacto con cloro o sal. El <em>gelcoat <\/em>es el mismo que se utiliza en la producci\u00f3n de yates. Da una resistencia mucho mayor a la intemperie.[\/vc_column_text][\/vc_tta_section][vc_tta_section title=\u00bb\u00bfC\u00f3mo elegir un color diferente?\u00bb tab_id=\u00bbcomo-elegir-un-color-diferente9257-511e9a83-22aa\u00bb][vc_column_text]Debe proporcionarnos la referencia en sistema de color RAL para el correo electr\u00f3nico welcome @ portugal-fiberglass.com. Recibir\u00e1 un presupuesto seg\u00fan el color elegido.<\/p>\n<p>Para colores personalizados, es necesario producir un gelcoat personalizado, por lo que el proceso lleva m\u00e1s tiempo. Despu\u00e9s del pago, el tiempo estimado de entrega es de al menos 15 d\u00edas laborables.<\/p>\n<p>Puede encontrar una lista de colores, en sistema RAL, <a href=\"https:\/\/en.wikipedia.org\/wiki\/List_of_RAL_colors\" target=\"_blank\" rel=\"noopener noreferrer\">aqu\u00ed<\/a>.[\/vc_column_text][\/vc_tta_section][\/vc_tta_accordion]<div id=\"la_divider69f7786dd6130\" class=\"js-el la-divider la-unit-responsive\" data-la_component=\"UnitResponsive\"  data-el_target='#la_divider69f7786dd6130'  data-el_media_sizes='{&quot;padding-top&quot;:&quot;xlg:100px;lg:80px;md:50px;&quot;}' ><\/div>\n[\/vc_column][vc_column width=\u00bb1\/4&#8243;][\/vc_column][\/vc_row][vc_row full_width=\u00bbstretch_row_content_no_spaces\u00bb css=\u00bb.vc_custom_1580775016506{padding-top: 25px !important;padding-bottom: 25px !important;background-color: #f0dfe5 !important;}\u00bb][vc_column width=\u00bb1\/4&#8243;][\/vc_column][vc_column width=\u00bb1\/4&#8243;][vc_single_image image=\u00bb1220&#8243; img_size=\u00bbfull\u00bb alignment=\u00bbcenter\u00bb]<div id=\"la_heading_69f7786dd6223\" class=\"la-headings text-center\"><div class=\"js-el subheading-tag la-unit-responsive padding-top-15\" style=\"color:#0a0a0a\"  data-la_component=\"UnitResponsive\"  data-el_target='#la_heading_69f7786dd6223 .subheading-tag'  data-el_media_sizes='{&quot;font-size&quot;:&quot;lg:16px;&quot;,&quot;line-height&quot;:&quot;lg:24px;&quot;}' ><p>Dise\u00f1ado con precisi\u00f3n para resistir la exposici\u00f3n al sol.<\/p>\n<\/div><\/div>\n[\/vc_column][vc_column width=\u00bb1\/4&#8243;][vc_single_image image=\u00bb1221&#8243; img_size=\u00bbfull\u00bb alignment=\u00bbcenter\u00bb]<div id=\"la_heading_69f7786dd6307\" class=\"la-headings text-center\"><div class=\"js-el subheading-tag la-unit-responsive padding-top-15\" style=\"color:#0a0a0a\"  data-la_component=\"UnitResponsive\"  data-el_target='#la_heading_69f7786dd6307 .subheading-tag'  data-el_media_sizes='{&quot;font-size&quot;:&quot;lg:16px;&quot;,&quot;line-height&quot;:&quot;lg:24px;&quot;}' ><p>\u00bfSab\u00eda que nuestros productos hechos de fibra de vidrio siempre son posibles de organizar? Pi\u00e9nsalo, \u00a1el medio ambiente te lo agradece!<\/p>\n<\/div><\/div>\n[\/vc_column][vc_column width=\u00bb1\/4&#8243;][\/vc_column][\/vc_row][vc_row][vc_column width=\u00bb1\/12&#8243;][\/vc_column][vc_column width=\u00bb10\/12&#8243;][vc_custom_heading text=\u00bbTumbona de Jard\u00edn Tagus 1147 \u2013 Fibra de Vidrio\u00bb font_container=\u00bbtag:h1|text_align:left\u00bb el_class=\u00bbhidden\u00bb][vc_custom_heading text=\u00bbTumbona de Jard\u00edn Tagus 1147 \u2013 Fibra de Vidrio para playa hecho a mano exclusivo Exterior en espa\u00f1a &#8211; El acompa\u00f1ante perfecto para el jard\u00edn, playa y piscina\u00bb el_class=\u00bbhidden\u00bb]<div id=\"la_carousel_167958501269f7786dd63a4\" class=\"la-carousel-wrapper la_carousel_horizontal\" data-gutter=\"15\">\n    <div data-la_component=\"AutoCarousel\" class=\"js-el la-slick-slider\" data-slick_customPaging=\"&lt;span style=&quot;color:#ff765a;&quot;&gt;&lt;i class=&quot;fa fa-circle&quot;&gt;&lt;\/i&gt;&lt;\/span&gt;\" data-slider_config=\"{&quot;slidesToShow&quot;:1,&quot;slidesToScroll&quot;:1,&quot;dots&quot;:true,&quot;autoplaySpeed&quot;:5000,&quot;speed&quot;:300,&quot;infinite&quot;:false,&quot;arrows&quot;:true,&quot;nextArrow&quot;:&quot;&lt;button type=\\&quot;button\\&quot; style=\\&quot;color:#ff765a;font-size:24px;width:24px;height:24px;line-height:24px;\\&quot; class=\\&quot;slick-next default\\&quot;&gt;&lt;i class=\\&quot;fa fa-angle-right\\&quot;&gt;&lt;\\\/i&gt;&lt;\\\/button&gt;&quot;,&quot;prevArrow&quot;:&quot;&lt;button type=\\&quot;button\\&quot; style=\\&quot;color:#ff765a;font-size:24px;width:24px;height:24px;line-height:24px;\\&quot; class=\\&quot;slick-prev default\\&quot;&gt;&lt;i class=\\&quot;fa fa-angle-left\\&quot;&gt;&lt;\\\/i&gt;&lt;\\\/button&gt;&quot;,&quot;swipe&quot;:true,&quot;draggable&quot;:true,&quot;touchMove&quot;:true,&quot;pauseOnHover&quot;:false,&quot;responsive&quot;:[{&quot;breakpoint&quot;:1824,&quot;settings&quot;:{&quot;slidesToShow&quot;:1,&quot;slidesToScroll&quot;:1}},{&quot;breakpoint&quot;:1200,&quot;settings&quot;:{&quot;slidesToShow&quot;:1,&quot;slidesToScroll&quot;:1}},{&quot;breakpoint&quot;:992,&quot;settings&quot;:{&quot;slidesToShow&quot;:1,&quot;slidesToScroll&quot;:1}},{&quot;breakpoint&quot;:768,&quot;settings&quot;:{&quot;slidesToShow&quot;:1,&quot;slidesToScroll&quot;:1}},{&quot;breakpoint&quot;:576,&quot;settings&quot;:{&quot;slidesToShow&quot;:1,&quot;slidesToScroll&quot;:1}}],&quot;pauseOnDotsHover&quot;:true}\">\n        <div class=\"la-item-wrap\"><div\n    class=\"la_hotspot_sc js-el la-image-with-hotspots\"\n    data-la_component=\"HotSpotImages\"\n    data-style=\"color_pulse\"\n    data-hotspot-icon=\"plus_sign\"\n    data-size=\"medium\"\n    data-color=\"primary\"\n    data-tooltip-func=\"hover\"\n    data-tooltip_shadow=\"none\"\n    data-animation=\"\">\n    <div class=\"hotspot__inner\">\n        <img loading=\"lazy\" decoding=\"async\" width=\"1200\" height=\"800\" src=\"https:\/\/portugal-fiberglass.com\/es-ES\/wp-content\/uploads\/2020\/02\/1200x800-13-Tumbona-Tagus-1147-para-Playa-Piscina-Jard\u00edn-Terraza-Balc\u00f3n-Porche-Hotel-de-Playa-o-Piscina\u200e-Exterior-espan.jpg\" class=\"attachment-full size-full\" alt=\"\" \/>    <\/div>\n<\/div><\/div><div class=\"la-item-wrap\"><div\n    class=\"la_hotspot_sc js-el la-image-with-hotspots\"\n    data-la_component=\"HotSpotImages\"\n    data-style=\"color_pulse\"\n    data-hotspot-icon=\"plus_sign\"\n    data-size=\"medium\"\n    data-color=\"primary\"\n    data-tooltip-func=\"hover\"\n    data-tooltip_shadow=\"none\"\n    data-animation=\"\">\n    <div class=\"hotspot__inner\">\n        <img loading=\"lazy\" decoding=\"async\" width=\"1200\" height=\"800\" src=\"https:\/\/portugal-fiberglass.com\/es-ES\/wp-content\/uploads\/2020\/02\/1200x800-12-Tumbona-Tagus-1147-para-Playa-Piscina-Jard\u00edn-Terraza-Balc\u00f3n-Porche-Hotel-de-Playa-o-Piscina\u200e-Exterior-espan.jpg\" class=\"attachment-full size-full\" alt=\"1200-12-Tumbona-Tagus-1147-para-Playa-Piscina-Jard\u00edn-Terraza-Balc\u00f3n-Porche-Hotel-de-Playa-o-Piscina\u200e-Exterior-espan\" \/>    <\/div>\n<\/div><\/div><div class=\"la-item-wrap\"><div\n    class=\"la_hotspot_sc js-el la-image-with-hotspots\"\n    data-la_component=\"HotSpotImages\"\n    data-style=\"color_pulse\"\n    data-hotspot-icon=\"plus_sign\"\n    data-size=\"medium\"\n    data-color=\"primary\"\n    data-tooltip-func=\"hover\"\n    data-tooltip_shadow=\"none\"\n    data-animation=\"\">\n    <div class=\"hotspot__inner\">\n        <img loading=\"lazy\" decoding=\"async\" width=\"1200\" height=\"800\" src=\"https:\/\/portugal-fiberglass.com\/es-ES\/wp-content\/uploads\/2020\/02\/1200x800-14-Tumbona-Tagus-1147-para-Playa-Piscina-Jard\u00edn-Terraza-Balc\u00f3n-Porche-Hotel-de-Playa-o-Piscina\u200e-Exterior-espan.jpg\" class=\"attachment-full size-full\" alt=\"1200 14-Tumbona-Tagus-1147-para-Playa-Piscina-Jard\u00edn-Terraza-Balc\u00f3n-Porche-Hotel-de-Playa-o-Piscina\u200e-Exterior-espan\" \/>    <\/div>\n<\/div><\/div><div class=\"la-item-wrap\"><div\n    class=\"la_hotspot_sc js-el la-image-with-hotspots\"\n    data-la_component=\"HotSpotImages\"\n    data-style=\"color_pulse\"\n    data-hotspot-icon=\"plus_sign\"\n    data-size=\"medium\"\n    data-color=\"primary\"\n    data-tooltip-func=\"hover\"\n    data-tooltip_shadow=\"none\"\n    data-animation=\"\">\n    <div class=\"hotspot__inner\">\n        <img loading=\"lazy\" decoding=\"async\" width=\"1200\" height=\"800\" src=\"https:\/\/portugal-fiberglass.com\/es-ES\/wp-content\/uploads\/2020\/02\/1200x800-15-Tumbona-Tagus-1147-para-Playa-Piscina-Jard\u00edn-Terraza-Balc\u00f3n-Porche-Hotel-de-Playa-o-Piscina\u200e-Exterior-espan.jpg\" class=\"attachment-full size-full\" alt=\"1200-15-Tumbona-Tagus-1147-para-Playa-Piscina-Jard\u00edn-Terraza-Balc\u00f3n-Porche-Hotel-de-Playa-o-Piscina\u200e-Exterior-espan\" \/>    <\/div>\n<\/div><\/div><div class=\"la-item-wrap\"><div\n    class=\"la_hotspot_sc js-el la-image-with-hotspots\"\n    data-la_component=\"HotSpotImages\"\n    data-style=\"color_pulse\"\n    data-hotspot-icon=\"plus_sign\"\n    data-size=\"medium\"\n    data-color=\"primary\"\n    data-tooltip-func=\"hover\"\n    data-tooltip_shadow=\"none\"\n    data-animation=\"\">\n    <div class=\"hotspot__inner\">\n        <img loading=\"lazy\" decoding=\"async\" width=\"1200\" height=\"800\" src=\"https:\/\/portugal-fiberglass.com\/es-ES\/wp-content\/uploads\/2020\/02\/1200x800-1-Tumbona-Tagus-1147-para-Playa-Piscina-Jard\u00edn-Terraza-Balc\u00f3n-Porche-Hotel-de-Playa-o-Piscina\u200e-Exterior-espana.jpg\" class=\"attachment-full size-full\" alt=\"1200-1-Tumbona-Tagus-1147-para-Playa-Piscina-Jard\u00edn-Terraza-Balc\u00f3n-Porche-Hotel-de-Playa-o-Piscina\u200e-Exterior-espana\" \/>    <\/div>\n<\/div><\/div><div class=\"la-item-wrap\"><div\n    class=\"la_hotspot_sc js-el la-image-with-hotspots\"\n    data-la_component=\"HotSpotImages\"\n    data-style=\"color_pulse\"\n    data-hotspot-icon=\"plus_sign\"\n    data-size=\"medium\"\n    data-color=\"primary\"\n    data-tooltip-func=\"hover\"\n    data-tooltip_shadow=\"none\"\n    data-animation=\"\">\n    <div class=\"hotspot__inner\">\n        <img loading=\"lazy\" decoding=\"async\" width=\"1200\" height=\"800\" src=\"https:\/\/portugal-fiberglass.com\/es-ES\/wp-content\/uploads\/2020\/02\/1200x800-11-Tumbona-Tagus-1147-para-Playa-Piscina-Jard\u00edn-Terraza-Balc\u00f3n-Porche-Hotel-de-Playa-o-Piscina\u200e-Exterior-espan.jpg\" class=\"attachment-full size-full\" alt=\"\" \/>    <\/div>\n<\/div><\/div><div class=\"la-item-wrap\"><div\n    class=\"la_hotspot_sc js-el la-image-with-hotspots\"\n    data-la_component=\"HotSpotImages\"\n    data-style=\"color_pulse\"\n    data-hotspot-icon=\"plus_sign\"\n    data-size=\"medium\"\n    data-color=\"primary\"\n    data-tooltip-func=\"hover\"\n    data-tooltip_shadow=\"none\"\n    data-animation=\"\">\n    <div class=\"hotspot__inner\">\n        <img loading=\"lazy\" decoding=\"async\" width=\"1200\" height=\"800\" src=\"https:\/\/portugal-fiberglass.com\/es-ES\/wp-content\/uploads\/2020\/02\/1200x800-10-Tumbona-Tagus-1147-para-Playa-Piscina-Jard\u00edn-Terraza-Balc\u00f3n-Porche-Hotel-de-Playa-o-Piscina\u200e-Exterior-espan.jpg\" class=\"attachment-full size-full\" alt=\"1200-10-Tumbona-Tagus-1147-para-Playa-Piscina-Jard\u00edn-Terraza-Balc\u00f3n-Porche-Hotel-de-Playa-o-Piscina\u200e-Exterior-espan\" \/>    <\/div>\n<\/div><\/div><div class=\"la-item-wrap\"><div\n    class=\"la_hotspot_sc js-el la-image-with-hotspots\"\n    data-la_component=\"HotSpotImages\"\n    data-style=\"color_pulse\"\n    data-hotspot-icon=\"plus_sign\"\n    data-size=\"medium\"\n    data-color=\"primary\"\n    data-tooltip-func=\"hover\"\n    data-tooltip_shadow=\"none\"\n    data-animation=\"\">\n    <div class=\"hotspot__inner\">\n        <img loading=\"lazy\" decoding=\"async\" width=\"1200\" height=\"800\" src=\"https:\/\/portugal-fiberglass.com\/es-ES\/wp-content\/uploads\/2020\/02\/1200x800-2-Tumbona-Tagus-1147-para-Playa-Piscina-Jard\u00edn-Terraza-Balc\u00f3n-Porche-Hotel-de-Playa-o-Piscina\u200e-Exterior-espana.jpg\" class=\"attachment-full size-full\" alt=\"\" \/>    <\/div>\n<\/div><\/div><div class=\"la-item-wrap\"><div\n    class=\"la_hotspot_sc js-el la-image-with-hotspots\"\n    data-la_component=\"HotSpotImages\"\n    data-style=\"color_pulse\"\n    data-hotspot-icon=\"plus_sign\"\n    data-size=\"medium\"\n    data-color=\"primary\"\n    data-tooltip-func=\"hover\"\n    data-tooltip_shadow=\"none\"\n    data-animation=\"\">\n    <div class=\"hotspot__inner\">\n        <img loading=\"lazy\" decoding=\"async\" width=\"1200\" height=\"800\" src=\"https:\/\/portugal-fiberglass.com\/es-ES\/wp-content\/uploads\/2020\/02\/1200x800-3-Tumbona-Tagus-1147-para-Playa-Piscina-Jard\u00edn-Terraza-Balc\u00f3n-Porche-Hotel-de-Playa-o-Piscina\u200e-Exterior-espana.jpg\" class=\"attachment-full size-full\" alt=\"1200-3-Tumbona-Tagus-1147-para-Playa-Piscina-Jard\u00edn-Terraza-Balc\u00f3n-Porche-Hotel-de-Playa-o-Piscina\u200e-Exterior-espana\" \/>    <\/div>\n<\/div><\/div><div class=\"la-item-wrap\"><div\n    class=\"la_hotspot_sc js-el la-image-with-hotspots\"\n    data-la_component=\"HotSpotImages\"\n    data-style=\"color_pulse\"\n    data-hotspot-icon=\"plus_sign\"\n    data-size=\"medium\"\n    data-color=\"primary\"\n    data-tooltip-func=\"hover\"\n    data-tooltip_shadow=\"none\"\n    data-animation=\"\">\n    <div class=\"hotspot__inner\">\n        <img loading=\"lazy\" decoding=\"async\" width=\"1200\" height=\"800\" src=\"https:\/\/portugal-fiberglass.com\/es-ES\/wp-content\/uploads\/2020\/02\/1200x800-4-Tumbona-Tagus-1147-para-Playa-Piscina-Jard\u00edn-Terraza-Balc\u00f3n-Porche-Hotel-de-Playa-o-Piscina\u200e-Exterior-espana.jpg\" class=\"attachment-full size-full\" alt=\"1200-4-Tumbona-Tagus-1147-para-Playa-Piscina-Jard\u00edn-Terraza-Balc\u00f3n-Porche-Hotel-de-Playa-o-Piscina\u200e-Exterior-espana\" \/>    <\/div>\n<\/div><\/div><div class=\"la-item-wrap\"><div\n    class=\"la_hotspot_sc js-el la-image-with-hotspots\"\n    data-la_component=\"HotSpotImages\"\n    data-style=\"color_pulse\"\n    data-hotspot-icon=\"plus_sign\"\n    data-size=\"medium\"\n    data-color=\"primary\"\n    data-tooltip-func=\"hover\"\n    data-tooltip_shadow=\"none\"\n    data-animation=\"\">\n    <div class=\"hotspot__inner\">\n        <img loading=\"lazy\" decoding=\"async\" width=\"1200\" height=\"800\" src=\"https:\/\/portugal-fiberglass.com\/es-ES\/wp-content\/uploads\/2020\/02\/1200x800-5-Tumbona-Tagus-1147-para-Playa-Piscina-Jard\u00edn-Terraza-Balc\u00f3n-Porche-Hotel-de-Playa-o-Piscina\u200e-Exterior-espana.jpg\" class=\"attachment-full size-full\" alt=\"1200-5-Tumbona-Tagus-1147-para-Playa-Piscina-Jard\u00edn-Terraza-Balc\u00f3n-Porche-Hotel-de-Playa-o-Piscina\u200e-Exterior-espana\" \/>    <\/div>\n<\/div><\/div><div class=\"la-item-wrap\"><div\n    class=\"la_hotspot_sc js-el la-image-with-hotspots\"\n    data-la_component=\"HotSpotImages\"\n    data-style=\"color_pulse\"\n    data-hotspot-icon=\"plus_sign\"\n    data-size=\"medium\"\n    data-color=\"primary\"\n    data-tooltip-func=\"hover\"\n    data-tooltip_shadow=\"none\"\n    data-animation=\"\">\n    <div class=\"hotspot__inner\">\n        <img loading=\"lazy\" decoding=\"async\" width=\"1200\" height=\"800\" src=\"https:\/\/portugal-fiberglass.com\/es-ES\/wp-content\/uploads\/2020\/02\/1200x800-6-Tumbona-Tagus-1147-para-Playa-Piscina-Jard\u00edn-Terraza-Balc\u00f3n-Porche-Hotel-de-Playa-o-Piscina\u200e-Exterior-espana.jpg\" class=\"attachment-full size-full\" alt=\"1200-6-Tumbona-Tagus-1147-para-Playa-Piscina-Jard\u00edn-Terraza-Balc\u00f3n-Porche-Hotel-de-Playa-o-Piscina\u200e-Exterior-espana\" \/>    <\/div>\n<\/div><\/div><div class=\"la-item-wrap\"><div\n    class=\"la_hotspot_sc js-el la-image-with-hotspots\"\n    data-la_component=\"HotSpotImages\"\n    data-style=\"color_pulse\"\n    data-hotspot-icon=\"plus_sign\"\n    data-size=\"medium\"\n    data-color=\"primary\"\n    data-tooltip-func=\"hover\"\n    data-tooltip_shadow=\"none\"\n    data-animation=\"\">\n    <div class=\"hotspot__inner\">\n        <img loading=\"lazy\" decoding=\"async\" width=\"1200\" height=\"800\" src=\"https:\/\/portugal-fiberglass.com\/es-ES\/wp-content\/uploads\/2020\/02\/1200x800-7-Tumbona-Tagus-1147-para-Playa-Piscina-Jard\u00edn-Terraza-Balc\u00f3n-Porche-Hotel-de-Playa-o-Piscina\u200e-Exterior-espana.jpg\" class=\"attachment-full size-full\" alt=\"1200-7-Tumbona-Tagus-1147-para-Playa-Piscina-Jard\u00edn-Terraza-Balc\u00f3n-Porche-Hotel-de-Playa-o-Piscina\u200e-Exterior-espana\" \/>    <\/div>\n<\/div><\/div><div class=\"la-item-wrap\"><div\n    class=\"la_hotspot_sc js-el la-image-with-hotspots\"\n    data-la_component=\"HotSpotImages\"\n    data-style=\"color_pulse\"\n    data-hotspot-icon=\"plus_sign\"\n    data-size=\"medium\"\n    data-color=\"primary\"\n    data-tooltip-func=\"hover\"\n    data-tooltip_shadow=\"none\"\n    data-animation=\"\">\n    <div class=\"hotspot__inner\">\n        <img loading=\"lazy\" decoding=\"async\" width=\"1200\" height=\"800\" src=\"https:\/\/portugal-fiberglass.com\/es-ES\/wp-content\/uploads\/2020\/02\/1200x800-8-Tumbona-Tagus-1147-para-Playa-Piscina-Jard\u00edn-Terraza-Balc\u00f3n-Porche-Hotel-de-Playa-o-Piscina\u200e-Exterior-espana.jpg\" class=\"attachment-full size-full\" alt=\"1200-8-Tumbona-Tagus-1147-para-Playa-Piscina-Jard\u00edn-Terraza-Balc\u00f3n-Porche-Hotel-de-Playa-o-Piscina\u200e-Exterior-espan\" \/>    <\/div>\n<\/div><\/div>    <\/div>\n<\/div><style data-la_component=\"InsertCustomCSS\">\n    #la_carousel_167958501269f7786dd63a4{\n        margin-left: -15px;\n        margin-right: -15px;\n    }\n    #la_carousel_167958501269f7786dd63a4 .la-item-wrap.slick-slide{\n        padding-left: 15px;\n        padding-right: 15px;\n    }\n<\/style>\n<div id=\"la_divider69f7786dd6e88\" class=\"js-el la-divider la-unit-responsive\" data-la_component=\"UnitResponsive\"  data-el_target='#la_divider69f7786dd6e88'  data-el_media_sizes='{&quot;padding-top&quot;:&quot;xlg:100px;lg:80px;md:50px;&quot;}' ><\/div>\n[\/vc_column][vc_column width=\u00bb1\/12&#8243;][\/vc_column][\/vc_row][vc_row][vc_column]<div id=\"la_divider69f7786dd6ed4\" class=\"js-el la-divider la-unit-responsive\" data-la_component=\"UnitResponsive\"  data-el_target='#la_divider69f7786dd6ed4'  data-el_media_sizes='{&quot;padding-top&quot;:&quot;xlg:100px;lg:80px;md:50px;&quot;}' ><\/div>\n<div id=\"la_heading_69f7786dd6fa9\" class=\"la-headings text-center spacer-position-bottom\"><h2 class=\"js-el heading-tag la-unit-responsive\" style=\"color:#0a0a0a\" >Tumbonas y Toboganes<\/h2><div class=\"la-separator \" style=\"height:2px\"><span class=\"la-line js-el la-unit-responsive\" style=\"border-style:solid;border-width:2px 0 0;border-color:#e81e0c\"  data-la_component=\"UnitResponsive\"  data-el_target='#la_heading_69f7786dd6fa9 .la-line'  data-el_media_sizes='{&quot;width&quot;:&quot;lg:60px;&quot;}' ><\/span><\/div><\/div>\n<div id=\"la_divider69f7786dd7010\" class=\"js-el la-divider la-unit-responsive\" data-la_component=\"UnitResponsive\"  data-el_target='#la_divider69f7786dd7010'  data-el_media_sizes='{&quot;padding-top&quot;:&quot;lg:25px;&quot;}' ><\/div>\n<div id=\"products_69f7786dd73d8\" class=\"woocommerce products_scenario_products\"><div class=\"row\"><div class=\"col-xs-12\"><ul class=\"products grid-space-default grid-items xxl-block-grid-3 xl-block-grid-3 lg-block-grid-2 md-block-grid-1 sm-block-grid-1 block-grid-1 products-grid products-grid-1\"><li class=\"product_item grid-item product thumb-has-effect prod-rating-on prod-has-rating type-product post-1324 status-publish first instock product_cat-tumbona-de-jardin product_cat-tumbona-de-piscina product_cat-tumbona-de-playa product_cat-tumbona-hotel-playa-piscina product_cat-tumbonas has-post-thumbnail sale taxable shipping-taxable purchasable product-type-simple\" data-width=\"1\" data-height=\"1\">\n\t\t<div class=\"product_item--inner\">\n\t\t<div class=\"product_item--thumbnail\">\n\t\t\t<div class=\"product_item--thumbnail-holder\">\n\t\t\t\t<a href=\"https:\/\/portugal-fiberglass.com\/es-ES\/producto\/5-tumbona-para-piscina-tagus-1147-fibra-de-vidrio-conjunto-5-espana\/\" class=\"woocommerce-LoopProduct-link woocommerce-loop-product__link\"><span class=\"la-custom-badge odd\" style=\"background-color:#0c0c0c\"><span>Conjunto 5<\/span><\/span><span class=\"la-custom-badge even\" style=\"background-color:#0c0c0c\"><span>449\u20ac unidad<\/span><\/span><span class=\"la-custom-badge onsale\"><span class=\"save-percentage\"><span class=\"hidden\">Save<\/span><span>25%<\/span><\/span><span class=\"save-total\"><span class=\"hidden\">Save<\/span> <span class=\"woocommerce-Price-amount amount\"><bdi>150,00&nbsp;<span class=\"woocommerce-Price-currencySymbol\">&euro;<\/span><\/bdi><\/span><\/span><\/span><img loading=\"lazy\" decoding=\"async\" width=\"600\" height=\"750\" src=\"https:\/\/portugal-fiberglass.com\/es-ES\/wp-content\/uploads\/2020\/02\/1200x800-5-Tumbona-Tagus-1147-para-Playa-Piscina-Jard\u00edn-Terraza-Balc\u00f3n-Porche-Hotel-de-Playa-o-Piscina\u200e-Exterior-espana-600x750.jpg\" class=\"attachment-woocommerce_thumbnail size-woocommerce_thumbnail\" alt=\"1200-5-Tumbona-Tagus-1147-para-Playa-Piscina-Jard\u00edn-Terraza-Balc\u00f3n-Porche-Hotel-de-Playa-o-Piscina\u200e-Exterior-espana\" \/><div class=\"la-lazyload-image wp-alt-image\" data-background-image=\"\/\/portugal-fiberglass.com\/es-ES\/wp-content\/uploads\/2020\/02\/545x545-3-Tumbona-Tagus-1147-para-Playa-Piscina-Jard\u00edn-Terraza-Balc\u00f3n-Porche-Hotel-de-Playa-o-Piscina\u200e-Exterior-espana.jpg\"><\/div><div class=\"item--overlay\"><\/div><\/a>\t\t\t<\/div>\n\t\t\t<div class=\"product_item_thumbnail_action product_item--action\">\n\t\t\t\t<div class=\"wrap-addto\"><\/div>\t\t\t<\/div>\n\t\t<\/div>\n\t\t<div class=\"product_item--info\">\n\t\t\t<div class=\"product_item--info-inner\">\n\t\t\t\t<h3 class=\"product_item--title\"><a href=\"https:\/\/portugal-fiberglass.com\/es-ES\/producto\/5-tumbona-para-piscina-tagus-1147-fibra-de-vidrio-conjunto-5-espana\/\">5x Tumbonas Tagus 1147 para Piscina y Jard\u00edn<\/a><\/h3><span class=\"la-custom-badge onsale\"><span class=\"save-percentage\"><span class=\"hidden\">Save<\/span><span>25%<\/span><\/span><span class=\"save-total\"><span class=\"hidden\">Save<\/span> <span class=\"woocommerce-Price-amount amount\"><bdi>150,00&nbsp;<span class=\"woocommerce-Price-currencySymbol\">&euro;<\/span><\/bdi><\/span><\/span><\/span>\n\t<span class=\"price\"><del aria-hidden=\"true\"><span class=\"woocommerce-Price-amount amount\"><bdi>599,00&nbsp;<span class=\"woocommerce-Price-currencySymbol\">&euro;<\/span><\/bdi><\/span><\/del> <span class=\"screen-reader-text\">El precio original era: 599,00&nbsp;&euro;.<\/span><ins aria-hidden=\"true\"><span class=\"woocommerce-Price-amount amount\"><bdi>449,00&nbsp;<span class=\"woocommerce-Price-currencySymbol\">&euro;<\/span><\/bdi><\/span><\/ins><span class=\"screen-reader-text\">El precio actual es: 449,00&nbsp;&euro;.<\/span> <small class=\"woocommerce-price-suffix\">con IVA<\/small><\/span>\n\t\t\t<\/div>\n\t\t\t<div class=\"product_item--action\">\n\t\t\t\t<div class=\"wrap-addto\"><\/div>\t\t\t<\/div>\n\t\t<\/div>\n\t\t<\/div>\n<\/li>\n<li class=\"product_item grid-item product thumb-has-effect prod-rating-on prod-has-rating type-product post-1340 status-publish instock product_cat-toboganes has-post-thumbnail taxable shipping-taxable purchasable product-type-simple\" data-width=\"1\" data-height=\"1\">\n\t\t<div class=\"product_item--inner\">\n\t\t<div class=\"product_item--thumbnail\">\n\t\t\t<div class=\"product_item--thumbnail-holder\">\n\t\t\t\t<a href=\"https:\/\/portugal-fiberglass.com\/es-ES\/producto\/mini-tobogan-red-slide-para-ninos-piscina-en-fibra-de-vidrio-anti-uv-exterior-interior\/\" class=\"woocommerce-LoopProduct-link woocommerce-loop-product__link\"><img loading=\"lazy\" decoding=\"async\" width=\"600\" height=\"400\" src=\"https:\/\/portugal-fiberglass.com\/es-ES\/wp-content\/uploads\/2020\/02\/8-Mini-Tobogan-Red-Slide-para-ninos-Piscina-en-Fibra-de-Vidrio-anti-UV-exterior-interior-600x400-espana.jpg\" class=\"attachment-woocommerce_thumbnail size-woocommerce_thumbnail\" alt=\"600 8-Mini-Tobogan-Red-Slide-para-ninos-Piscina-en-Fibra-de-Vidrio-anti-UV-exterior-interior-600x400-espana\" \/><div class=\"la-lazyload-image wp-alt-image\" data-background-image=\"\/\/portugal-fiberglass.com\/es-ES\/wp-content\/uploads\/2020\/02\/11-Mini-Tobogan-Red-Slide-para-ninos-Piscina-en-Fibra-de-Vidrio-anti-UV-exterior-interior-800x533-1-600x533.jpg\"><\/div><div class=\"item--overlay\"><\/div><\/a>\t\t\t<\/div>\n\t\t\t<div class=\"product_item_thumbnail_action product_item--action\">\n\t\t\t\t<div class=\"wrap-addto\"><\/div>\t\t\t<\/div>\n\t\t<\/div>\n\t\t<div class=\"product_item--info\">\n\t\t\t<div class=\"product_item--info-inner\">\n\t\t\t\t<h3 class=\"product_item--title\"><a href=\"https:\/\/portugal-fiberglass.com\/es-ES\/producto\/mini-tobogan-red-slide-para-ninos-piscina-en-fibra-de-vidrio-anti-uv-exterior-interior\/\">Mini Tobog\u00e1n Red Slide para Piscina en Fibra de Vidrio<\/a><\/h3>\n\t<span class=\"price\"><span class=\"woocommerce-Price-amount amount\"><bdi>2,499,00&nbsp;<span class=\"woocommerce-Price-currencySymbol\">&euro;<\/span><\/bdi><\/span> <small class=\"woocommerce-price-suffix\">con IVA<\/small><\/span>\n\t\t\t<\/div>\n\t\t\t<div class=\"product_item--action\">\n\t\t\t\t<div class=\"wrap-addto\"><\/div>\t\t\t<\/div>\n\t\t<\/div>\n\t\t<\/div>\n<\/li>\n<li class=\"product_item grid-item product thumb-has-effect prod-rating-on prod-has-rating type-product post-1355 status-publish last instock product_cat-toboganes has-post-thumbnail taxable shipping-taxable purchasable product-type-simple\" data-width=\"1\" data-height=\"1\">\n\t\t<div class=\"product_item--inner\">\n\t\t<div class=\"product_item--thumbnail\">\n\t\t\t<div class=\"product_item--thumbnail-holder\">\n\t\t\t\t<a href=\"https:\/\/portugal-fiberglass.com\/es-ES\/producto\/super-tobogan-para-ninos-piscina-premium-en-fibra-de-vidrio-anti-uv-exterior-interior\/\" class=\"woocommerce-LoopProduct-link woocommerce-loop-product__link\"><img loading=\"lazy\" decoding=\"async\" width=\"600\" height=\"400\" src=\"https:\/\/portugal-fiberglass.com\/es-ES\/wp-content\/uploads\/2020\/02\/Super-Tobogan-para-ninos-Piscina-y-Natacion-Premium-en-Fibra-de-Vidrio-exterior-interior-600x400-portugal-fiberglass-frente-d.jpg\" class=\"attachment-woocommerce_thumbnail size-woocommerce_thumbnail\" alt=\"600 Super-Tobogan-para-ninos-Piscina-y-Natacion-Premium-en-Fibra-de-Vidrio-exterior-interior-600x400-portugal-fiberglass-frente-d\" \/><div class=\"la-lazyload-image wp-alt-image\" data-background-image=\"\/\/portugal-fiberglass.com\/es-ES\/wp-content\/uploads\/2020\/02\/Super-Tobogan-para-ninos-Piscina-y-Natacion-Premium-en-Fibra-de-Vidrio-exterior-interior-1200x800-portugal-fiberglass-frente-d-600x750.jpg\"><\/div><div class=\"item--overlay\"><\/div><\/a>\t\t\t<\/div>\n\t\t\t<div class=\"product_item_thumbnail_action product_item--action\">\n\t\t\t\t<div class=\"wrap-addto\"><\/div>\t\t\t<\/div>\n\t\t<\/div>\n\t\t<div class=\"product_item--info\">\n\t\t\t<div class=\"product_item--info-inner\">\n\t\t\t\t<h3 class=\"product_item--title\"><a href=\"https:\/\/portugal-fiberglass.com\/es-ES\/producto\/super-tobogan-para-ninos-piscina-premium-en-fibra-de-vidrio-anti-uv-exterior-interior\/\">Super Tobog\u00e1n para Piscina Premium en Fibra de Vidrio<\/a><\/h3>\n\t<span class=\"price\"><span class=\"woocommerce-Price-amount amount\"><bdi>2,499,00&nbsp;<span class=\"woocommerce-Price-currencySymbol\">&euro;<\/span><\/bdi><\/span> <small class=\"woocommerce-price-suffix\">con IVA<\/small><\/span>\n\t\t\t<\/div>\n\t\t\t<div class=\"product_item--action\">\n\t\t\t\t<div class=\"wrap-addto\"><\/div>\t\t\t<\/div>\n\t\t<\/div>\n\t\t<\/div>\n<\/li>\n<li class=\"product_item grid-item product thumb-has-effect prod-rating-on prod-has-rating type-product post-1493 status-publish first instock product_cat-tumbona-de-piscina has-post-thumbnail sale taxable shipping-taxable purchasable product-type-simple\" data-width=\"1\" data-height=\"1\">\n\t\t<div class=\"product_item--inner\">\n\t\t<div class=\"product_item--thumbnail\">\n\t\t\t<div class=\"product_item--thumbnail-holder\">\n\t\t\t\t<a href=\"https:\/\/portugal-fiberglass.com\/es-ES\/producto\/tumbona-de-piscina-tagus-1147-fibra-de-vidrio-npg\/\" class=\"woocommerce-LoopProduct-link woocommerce-loop-product__link\"><span class=\"la-custom-badge odd\" style=\"background-color:#262626\"><span>Env\u00edo Gratis<\/span><\/span><span class=\"la-custom-badge even\" style=\"\"><span>\u00a1Edici\u00f3n NPG!<\/span><\/span><span class=\"la-custom-badge onsale\"><span class=\"save-percentage\"><span class=\"hidden\">Save<\/span><span>14%<\/span><\/span><span class=\"save-total\"><span class=\"hidden\">Save<\/span> <span class=\"woocommerce-Price-amount amount\"><bdi>100,00&nbsp;<span class=\"woocommerce-Price-currencySymbol\">&euro;<\/span><\/bdi><\/span><\/span><\/span><img loading=\"lazy\" decoding=\"async\" width=\"600\" height=\"750\" src=\"https:\/\/portugal-fiberglass.com\/es-ES\/wp-content\/uploads\/2020\/02\/1200x800-14-Tumbona-Tagus-1147-para-Playa-Piscina-Jard\u00edn-Terraza-Balc\u00f3n-Porche-Hotel-de-Playa-o-Piscina\u200e-Exterior-espan-600x750.jpg\" class=\"attachment-woocommerce_thumbnail size-woocommerce_thumbnail\" alt=\"1200 14-Tumbona-Tagus-1147-para-Playa-Piscina-Jard\u00edn-Terraza-Balc\u00f3n-Porche-Hotel-de-Playa-o-Piscina\u200e-Exterior-espan\" \/><div class=\"la-lazyload-image wp-alt-image\" data-background-image=\"\/\/portugal-fiberglass.com\/es-ES\/wp-content\/uploads\/2020\/02\/545x545-15-Tumbona-Tagus-1147-para-Playa-Piscina-Jard\u00edn-Terraza-Balc\u00f3n-Porche-Hotel-de-Playa-o-Piscina\u200e-Exterior-espana.jpg\"><\/div><div class=\"item--overlay\"><\/div><\/a>\t\t\t<\/div>\n\t\t\t<div class=\"product_item_thumbnail_action product_item--action\">\n\t\t\t\t<div class=\"wrap-addto\"><\/div>\t\t\t<\/div>\n\t\t<\/div>\n\t\t<div class=\"product_item--info\">\n\t\t\t<div class=\"product_item--info-inner\">\n\t\t\t\t<h3 class=\"product_item--title\"><a href=\"https:\/\/portugal-fiberglass.com\/es-ES\/producto\/tumbona-de-piscina-tagus-1147-fibra-de-vidrio-npg\/\">Tumbona de Piscina Tagus 1147 NPG \u00a1Edici\u00f3n especial para yates!<\/a><\/h3><span class=\"la-custom-badge onsale\"><span class=\"save-percentage\"><span class=\"hidden\">Save<\/span><span>14%<\/span><\/span><span class=\"save-total\"><span class=\"hidden\">Save<\/span> <span class=\"woocommerce-Price-amount amount\"><bdi>100,00&nbsp;<span class=\"woocommerce-Price-currencySymbol\">&euro;<\/span><\/bdi><\/span><\/span><\/span>\n\t<span class=\"price\"><del aria-hidden=\"true\"><span class=\"woocommerce-Price-amount amount\"><bdi>699,00&nbsp;<span class=\"woocommerce-Price-currencySymbol\">&euro;<\/span><\/bdi><\/span><\/del> <span class=\"screen-reader-text\">El precio original era: 699,00&nbsp;&euro;.<\/span><ins aria-hidden=\"true\"><span class=\"woocommerce-Price-amount amount\"><bdi>599,00&nbsp;<span class=\"woocommerce-Price-currencySymbol\">&euro;<\/span><\/bdi><\/span><\/ins><span class=\"screen-reader-text\">El precio actual es: 599,00&nbsp;&euro;.<\/span> <small class=\"woocommerce-price-suffix\">con IVA<\/small><\/span>\n\t\t\t<\/div>\n\t\t\t<div class=\"product_item--action\">\n\t\t\t\t<div class=\"wrap-addto\"><\/div>\t\t\t<\/div>\n\t\t<\/div>\n\t\t<\/div>\n<\/li>\n<\/ul><\/div><\/div><\/div>[\/vc_column][\/vc_row]<\/p>\n<\/section>","protected":false},"excerpt":{"rendered":"<p>Nuestras tumbonas Tagus 1147 son producidas exclusivamente por nosotros. Lanzados en 2019, son \u00fanicas, sofisticados y hechos a mano, con&hellip;<\/p>\n","protected":false},"featured_media":1317,"comment_status":"open","ping_status":"closed","template":"","meta":[],"product_cat":[15],"product_tag":[],"class_list":{"0":"post-1339","1":"product","2":"type-product","3":"status-publish","4":"has-post-thumbnail","6":"product_cat-uncategorized","8":"first","9":"instock","10":"taxable","11":"shipping-taxable","12":"purchasable","13":"product-type-simple","14":"thumb-has-effect","15":"prod-rating-on","16":"prod-has-rating"},"_links":{"self":[{"href":"https:\/\/portugal-fiberglass.com\/es-ES\/wp-json\/wp\/v2\/product\/1339"}],"collection":[{"href":"https:\/\/portugal-fiberglass.com\/es-ES\/wp-json\/wp\/v2\/product"}],"about":[{"href":"https:\/\/portugal-fiberglass.com\/es-ES\/wp-json\/wp\/v2\/types\/product"}],"replies":[{"embeddable":true,"href":"https:\/\/portugal-fiberglass.com\/es-ES\/wp-json\/wp\/v2\/comments?post=1339"}],"wp:featuredmedia":[{"embeddable":true,"href":"https:\/\/portugal-fiberglass.com\/es-ES\/wp-json\/wp\/v2\/media\/1317"}],"wp:attachment":[{"href":"https:\/\/portugal-fiberglass.com\/es-ES\/wp-json\/wp\/v2\/media?parent=1339"}],"wp:term":[{"taxonomy":"product_cat","embeddable":true,"href":"https:\/\/portugal-fiberglass.com\/es-ES\/wp-json\/wp\/v2\/product_cat?post=1339"},{"taxonomy":"product_tag","embeddable":true,"href":"https:\/\/portugal-fiberglass.com\/es-ES\/wp-json\/wp\/v2\/product_tag?post=1339"}],"curies":[{"name":"wp","href":"https:\/\/api.w.org\/{rel}","templated":true}]}}